{"id":1888,"date":"2023-03-24T18:00:43","date_gmt":"2023-03-24T18:00:43","guid":{"rendered":"https:\/\/www.centroneurocirurgia.com\/?page_id=1888"},"modified":"2024-07-24T15:09:00","modified_gmt":"2024-07-24T15:09:00","slug":"dr-alfredo-calheiros","status":"publish","type":"page","link":"https:\/\/www.centroneurocirurgia.com\/en\/dr-alfredo-calheiros\/","title":{"rendered":"Dr. Alfredo Calheiros"},"content":{"rendered":"\t\t<div data-elementor-type=\"wp-page\" data-elementor-id=\"1888\" class=\"elementor elementor-1888\">\n\t\t\t\t\t\t\t\t\t<section class=\"elementor-section elementor-top-section elementor-element elementor-element-424f8fd elementor-section-full_width elementor-section-stretched elementor-section-content-middle elementor-section-height-default elementor-section-height-default\" data-id=\"424f8fd\" data-element_type=\"section\" data-settings=\"{&quot;stretch_section&quot;:&quot;section-stretched&quot;,&quot;background_background&quot;:&quot;classic&quot;,&quot;motion_fx_motion_fx_scrolling&quot;:&quot;yes&quot;,&quot;sticky&quot;:&quot;top&quot;,&quot;animation&quot;:&quot;none&quot;,&quot;motion_fx_devices&quot;:[&quot;desktop&quot;,&quot;tablet&quot;,&quot;mobile&quot;],&quot;sticky_on&quot;:[&quot;desktop&quot;,&quot;tablet&quot;,&quot;mobile&quot;],&quot;sticky_offset&quot;:0,&quot;sticky_effects_offset&quot;:0}\">\n\t\t\t\t\t\t<div class=\"elementor-container elementor-column-gap-default\">\n\t\t\t\t\t<div class=\"elementor-column elementor-col-33 elementor-top-column elementor-element elementor-element-1439b1a\" data-id=\"1439b1a\" data-element_type=\"column\" data-settings=\"{&quot;background_background&quot;:&quot;classic&quot;}\">\n\t\t\t<div class=\"elementor-widget-wrap elementor-element-populated\">\n\t\t\t\t\t\t\t\t<div class=\"elementor-element elementor-element-318b84c elementor-button-info elementor-align-center elementor-widget__width-initial elementor-widget-tablet__width-initial elementor-widget-mobile__width-initial elementor-widget elementor-widget-button\" data-id=\"318b84c\" data-element_type=\"widget\" data-widget_type=\"button.default\">\n\t\t\t\t<div class=\"elementor-widget-container\">\n\t\t\t\t\t<div class=\"elementor-button-wrapper\">\n\t\t\t<a class=\"elementor-button elementor-button-link elementor-size-xl\" href=\"https:\/\/www.centroneurocirurgia.com\/\">\n\t\t\t\t\t\t<span class=\"elementor-button-content-wrapper\">\n\t\t\t\t\t\t<span class=\"elementor-button-text\"> <\/span>\n\t\t<\/span>\n\t\t\t\t\t<\/a>\n\t\t<\/div>\n\t\t\t\t<\/div>\n\t\t\t\t<\/div>\n\t\t\t\t\t<\/div>\n\t\t<\/div>\n\t\t\t\t<div class=\"elementor-column elementor-col-33 elementor-top-column elementor-element elementor-element-d62c95e\" data-id=\"d62c95e\" data-element_type=\"column\">\n\t\t\t<div class=\"elementor-widget-wrap elementor-element-populated\">\n\t\t\t\t\t\t\t\t<div class=\"elementor-element elementor-element-ec95601 elementor-nav-menu__align-right elementor-nav-menu--stretch elementor-nav-menu--dropdown-tablet elementor-nav-menu__text-align-aside elementor-nav-menu--toggle elementor-nav-menu--burger elementor-widget elementor-widget-nav-menu\" data-id=\"ec95601\" data-element_type=\"widget\" data-settings=\"{&quot;full_width&quot;:&quot;stretch&quot;,&quot;layout&quot;:&quot;horizontal&quot;,&quot;submenu_icon&quot;:{&quot;value&quot;:&quot;&lt;i class=\\&quot;fas fa-caret-down\\&quot;&gt;&lt;\\\/i&gt;&quot;,&quot;library&quot;:&quot;fa-solid&quot;},&quot;toggle&quot;:&quot;burger&quot;}\" data-widget_type=\"nav-menu.default\">\n\t\t\t\t<div class=\"elementor-widget-container\">\n\t\t\t<link rel=\"stylesheet\" href=\"https:\/\/www.centroneurocirurgia.com\/wp-content\/plugins\/elementor-pro\/assets\/css\/widget-nav-menu.min.css\">\t\t\t<nav migration_allowed=\"1\" migrated=\"0\" role=\"navigation\" class=\"elementor-nav-menu--main elementor-nav-menu__container elementor-nav-menu--layout-horizontal e--pointer-underline e--animation-fade\">\n\t\t\t\t<ul id=\"menu-1-ec95601\" class=\"elementor-nav-menu\"><li class=\"menu-item menu-item-type-post_type menu-item-object-page menu-item-1004\"><a href=\"https:\/\/www.centroneurocirurgia.com\/en\/sobre-cno3\/\" class=\"elementor-item\">Sobre CNO3<\/a><\/li>\n<li class=\"menu-item menu-item-type-post_type menu-item-object-page menu-item-1899\"><a href=\"https:\/\/www.centroneurocirurgia.com\/en\/dr-alfredo-calheiros\/\" class=\"elementor-item\">Dr. Alfredo Calheiros<\/a><\/li>\n<li class=\"menu-item menu-item-type-post_type menu-item-object-page menu-item-1007\"><a href=\"https:\/\/www.centroneurocirurgia.com\/en\/especialidades\/\" class=\"elementor-item\">Especialidades<\/a><\/li>\n<li class=\"menu-item menu-item-type-post_type menu-item-object-page menu-item-567\"><a href=\"https:\/\/www.centroneurocirurgia.com\/en\/patologias\/\" class=\"elementor-item\">Patologias<\/a><\/li>\n<li class=\"menu-item menu-item-type-post_type menu-item-object-page menu-item-1367\"><a href=\"https:\/\/www.centroneurocirurgia.com\/en\/cirurgias\/\" class=\"elementor-item\">Cirurgias\u200b<\/a><\/li>\n<li class=\"menu-item menu-item-type-post_type menu-item-object-page menu-item-1008\"><a href=\"https:\/\/www.centroneurocirurgia.com\/en\/imprensa\/\" class=\"elementor-item\">Imprensa<\/a><\/li>\n<li class=\"menu-item menu-item-type-post_type menu-item-object-page menu-item-1009\"><a href=\"https:\/\/www.centroneurocirurgia.com\/en\/contactos\/\" class=\"elementor-item\">Contactos<\/a><\/li>\n<\/ul>\t\t\t<\/nav>\n\t\t\t\t\t<div class=\"elementor-menu-toggle\" role=\"button\" tabindex=\"0\" aria-label=\"Menu Toggle\" aria-expanded=\"false\">\n\t\t\t<i aria-hidden=\"true\" role=\"presentation\" class=\"elementor-menu-toggle__icon--open eicon-menu-bar\"><\/i><i aria-hidden=\"true\" role=\"presentation\" class=\"elementor-menu-toggle__icon--close eicon-close\"><\/i>\t\t\t<span class=\"elementor-screen-only\">Menu<\/span>\n\t\t<\/div>\n\t\t\t<nav class=\"elementor-nav-menu--dropdown elementor-nav-menu__container\" role=\"navigation\" aria-hidden=\"true\">\n\t\t\t\t<ul id=\"menu-2-ec95601\" class=\"elementor-nav-menu\"><li class=\"menu-item menu-item-type-post_type menu-item-object-page menu-item-1004\"><a href=\"https:\/\/www.centroneurocirurgia.com\/en\/sobre-cno3\/\" class=\"elementor-item\" tabindex=\"-1\">Sobre CNO3<\/a><\/li>\n<li class=\"menu-item menu-item-type-post_type menu-item-object-page menu-item-1899\"><a href=\"https:\/\/www.centroneurocirurgia.com\/en\/dr-alfredo-calheiros\/\" class=\"elementor-item\" tabindex=\"-1\">Dr. Alfredo Calheiros<\/a><\/li>\n<li class=\"menu-item menu-item-type-post_type menu-item-object-page menu-item-1007\"><a href=\"https:\/\/www.centroneurocirurgia.com\/en\/especialidades\/\" class=\"elementor-item\" tabindex=\"-1\">Especialidades<\/a><\/li>\n<li class=\"menu-item menu-item-type-post_type menu-item-object-page menu-item-567\"><a href=\"https:\/\/www.centroneurocirurgia.com\/en\/patologias\/\" class=\"elementor-item\" tabindex=\"-1\">Patologias<\/a><\/li>\n<li class=\"menu-item menu-item-type-post_type menu-item-object-page menu-item-1367\"><a href=\"https:\/\/www.centroneurocirurgia.com\/en\/cirurgias\/\" class=\"elementor-item\" tabindex=\"-1\">Cirurgias\u200b<\/a><\/li>\n<li class=\"menu-item menu-item-type-post_type menu-item-object-page menu-item-1008\"><a href=\"https:\/\/www.centroneurocirurgia.com\/en\/imprensa\/\" class=\"elementor-item\" tabindex=\"-1\">Imprensa<\/a><\/li>\n<li class=\"menu-item menu-item-type-post_type menu-item-object-page menu-item-1009\"><a href=\"https:\/\/www.centroneurocirurgia.com\/en\/contactos\/\" class=\"elementor-item\" tabindex=\"-1\">Contactos<\/a><\/li>\n<\/ul>\t\t\t<\/nav>\n\t\t\t\t<\/div>\n\t\t\t\t<\/div>\n\t\t\t\t\t<\/div>\n\t\t<\/div>\n\t\t\t\t<div class=\"elementor-column elementor-col-33 elementor-top-column elementor-element elementor-element-e30b51b elementor-hidden-tablet elementor-hidden-mobile\" data-id=\"e30b51b\" data-element_type=\"column\">\n\t\t\t<div class=\"elementor-widget-wrap elementor-element-populated\">\n\t\t\t\t\t\t\t\t<div class=\"elementor-element elementor-element-986ff32 elementor-align-center elementor-tablet-align-left elementor-mobile-align-center elementor-widget elementor-widget-button\" data-id=\"986ff32\" data-element_type=\"widget\" data-widget_type=\"button.default\">\n\t\t\t\t<div class=\"elementor-widget-container\">\n\t\t\t\t\t<div class=\"elementor-button-wrapper\">\n\t\t\t<a class=\"elementor-button elementor-button-link elementor-size-sm\" href=\"https:\/\/www.centroneurocirurgia.com\/contactos\/\">\n\t\t\t\t\t\t<span class=\"elementor-button-content-wrapper\">\n\t\t\t\t\t\t<span class=\"elementor-button-text\">AGENDAR CONSULTA<\/span>\n\t\t<\/span>\n\t\t\t\t\t<\/a>\n\t\t<\/div>\n\t\t\t\t<\/div>\n\t\t\t\t<\/div>\n\t\t\t\t\t<\/div>\n\t\t<\/div>\n\t\t\t\t\t\t\t<\/div>\n\t\t<\/section>\n\t\t\t\t<section class=\"elementor-section elementor-top-section elementor-element elementor-element-b0f273a elementor-section-stretched elementor-section-boxed elementor-section-height-default elementor-section-height-default\" data-id=\"b0f273a\" data-element_type=\"section\" data-settings=\"{&quot;background_background&quot;:&quot;classic&quot;,&quot;stretch_section&quot;:&quot;section-stretched&quot;}\">\n\t\t\t\t\t\t<div class=\"elementor-container elementor-column-gap-default\">\n\t\t\t\t\t<div class=\"elementor-column elementor-col-100 elementor-top-column elementor-element elementor-element-1d2feca\" data-id=\"1d2feca\" data-element_type=\"column\">\n\t\t\t<div class=\"elementor-widget-wrap elementor-element-populated\">\n\t\t\t\t\t\t\t\t<div class=\"elementor-element elementor-element-1c8d876 elementor-widget elementor-widget-spacer\" data-id=\"1c8d876\" data-element_type=\"widget\" data-widget_type=\"spacer.default\">\n\t\t\t\t<div class=\"elementor-widget-container\">\n\t\t\t<style>\/*! elementor - v3.15.0 - 09-08-2023 *\/\n.elementor-column .elementor-spacer-inner{height:var(--spacer-size)}.e-con{--container-widget-width:100%}.e-con-inner>.elementor-widget-spacer,.e-con>.elementor-widget-spacer{width:var(--container-widget-width,var(--spacer-size));--align-self:var(--container-widget-align-self,initial);--flex-shrink:0}.e-con-inner>.elementor-widget-spacer>.elementor-widget-container,.e-con-inner>.elementor-widget-spacer>.elementor-widget-container>.elementor-spacer,.e-con>.elementor-widget-spacer>.elementor-widget-container,.e-con>.elementor-widget-spacer>.elementor-widget-container>.elementor-spacer{height:100%}.e-con-inner>.elementor-widget-spacer>.elementor-widget-container>.elementor-spacer>.elementor-spacer-inner,.e-con>.elementor-widget-spacer>.elementor-widget-container>.elementor-spacer>.elementor-spacer-inner{height:var(--container-widget-height,var(--spacer-size))}<\/style>\t\t<div class=\"elementor-spacer\">\n\t\t\t<div class=\"elementor-spacer-inner\"><\/div>\n\t\t<\/div>\n\t\t\t\t<\/div>\n\t\t\t\t<\/div>\n\t\t\t\t<div class=\"elementor-element elementor-element-75c6f6e elementor-widget elementor-widget-heading\" data-id=\"75c6f6e\" data-element_type=\"widget\" data-widget_type=\"heading.default\">\n\t\t\t\t<div class=\"elementor-widget-container\">\n\t\t\t<style>\/*! elementor - v3.15.0 - 09-08-2023 *\/\n.elementor-heading-title{padding:0;margin:0;line-height:1}.elementor-widget-heading .elementor-heading-title[class*=elementor-size-]>a{color:inherit;font-size:inherit;line-height:inherit}.elementor-widget-heading .elementor-heading-title.elementor-size-small{font-size:15px}.elementor-widget-heading .elementor-heading-title.elementor-size-medium{font-size:19px}.elementor-widget-heading .elementor-heading-title.elementor-size-large{font-size:29px}.elementor-widget-heading .elementor-heading-title.elementor-size-xl{font-size:39px}.elementor-widget-heading .elementor-heading-title.elementor-size-xxl{font-size:59px}<\/style><h1 class=\"elementor-heading-title elementor-size-default\">CURRICULUM VITAE<\/h1>\t\t<\/div>\n\t\t\t\t<\/div>\n\t\t\t\t<div class=\"elementor-element elementor-element-7127c43 elementor-widget elementor-widget-spacer\" data-id=\"7127c43\" data-element_type=\"widget\" data-widget_type=\"spacer.default\">\n\t\t\t\t<div class=\"elementor-widget-container\">\n\t\t\t\t\t<div class=\"elementor-spacer\">\n\t\t\t<div class=\"elementor-spacer-inner\"><\/div>\n\t\t<\/div>\n\t\t\t\t<\/div>\n\t\t\t\t<\/div>\n\t\t\t\t\t<\/div>\n\t\t<\/div>\n\t\t\t\t\t\t\t<\/div>\n\t\t<\/section>\n\t\t\t\t<section class=\"elementor-section elementor-top-section elementor-element elementor-element-6a35dbc elementor-section-stretched elementor-reverse-tablet elementor-reverse-mobile elementor-section-boxed elementor-section-height-default elementor-section-height-default\" data-id=\"6a35dbc\" data-element_type=\"section\" data-settings=\"{&quot;background_background&quot;:&quot;classic&quot;,&quot;stretch_section&quot;:&quot;section-stretched&quot;}\">\n\t\t\t\t\t\t<div class=\"elementor-container elementor-column-gap-default\">\n\t\t\t\t\t<div class=\"elementor-column elementor-col-50 elementor-top-column elementor-element elementor-element-e19ae0e\" data-id=\"e19ae0e\" data-element_type=\"column\">\n\t\t\t<div class=\"elementor-widget-wrap elementor-element-populated\">\n\t\t\t\t\t\t\t\t<div class=\"elementor-element elementor-element-8f5e380 elementor-widget elementor-widget-heading\" data-id=\"8f5e380\" data-element_type=\"widget\" data-widget_type=\"heading.default\">\n\t\t\t\t<div class=\"elementor-widget-container\">\n\t\t\t<h2 class=\"elementor-heading-title elementor-size-default\">DR. ALFREDO CALHEIROS<\/h2>\t\t<\/div>\n\t\t\t\t<\/div>\n\t\t\t\t<div class=\"elementor-element elementor-element-558cce7 elementor-widget elementor-widget-text-editor\" data-id=\"558cce7\" data-element_type=\"widget\" data-widget_type=\"text-editor.default\">\n\t\t\t\t<div class=\"elementor-widget-container\">\n\t\t\t<style>\/*! elementor - v3.15.0 - 09-08-2023 *\/\n.elementor-widget-text-editor.elementor-drop-cap-view-stacked .elementor-drop-cap{background-color:#69727d;color:#fff}.elementor-widget-text-editor.elementor-drop-cap-view-framed .elementor-drop-cap{color:#69727d;border:3px solid;background-color:transparent}.elementor-widget-text-editor:not(.elementor-drop-cap-view-default) .elementor-drop-cap{margin-top:8px}.elementor-widget-text-editor:not(.elementor-drop-cap-view-default) .elementor-drop-cap-letter{width:1em;height:1em}.elementor-widget-text-editor .elementor-drop-cap{float:left;text-align:center;line-height:1;font-size:50px}.elementor-widget-text-editor .elementor-drop-cap-letter{display:inline-block}<\/style>\t\t\t\t<p><span style=\"color: #58c5d1;\">M\u00e9dico Especialista em Neurocirurgia<\/span><\/p>\t\t\t\t\t\t<\/div>\n\t\t\t\t<\/div>\n\t\t\t\t<div class=\"elementor-element elementor-element-5c59a50 elementor-widget elementor-widget-text-editor\" data-id=\"5c59a50\" data-element_type=\"widget\" data-widget_type=\"text-editor.default\">\n\t\t\t\t<div class=\"elementor-widget-container\">\n\t\t\t\t\t\t\t<p><span style=\"color: #808080;\">O Dr. Alfredo Calheiro \u00e9 um Neurocirurgi\u00e3o pioneiro em t\u00e9cnicas inovadoras como Radiocirurgia e Ozonoterapia.<\/span><\/p>\t\t\t\t\t\t<\/div>\n\t\t\t\t<\/div>\n\t\t\t\t<div class=\"elementor-element elementor-element-b1a3657 elementor-widget elementor-widget-text-editor\" data-id=\"b1a3657\" data-element_type=\"widget\" data-widget_type=\"text-editor.default\">\n\t\t\t\t<div class=\"elementor-widget-container\">\n\t\t\t\t\t\t\t<p><span style=\"color: #58c5d1;\">Atividade Atual<\/span><\/p>\t\t\t\t\t\t<\/div>\n\t\t\t\t<\/div>\n\t\t\t\t<div class=\"elementor-element elementor-element-09ec85c elementor-widget elementor-widget-text-editor\" data-id=\"09ec85c\" data-element_type=\"widget\" data-widget_type=\"text-editor.default\">\n\t\t\t\t<div class=\"elementor-widget-container\">\n\t\t\t\t\t\t\t<p>Diretor do Servi\u00e7o de Neurocirurgia no Centro Hospitalar Universit\u00e1rio de St. Ant\u00f3nio, e da Unidade Vertebro-Medular (UVM) do Centro Hospitalar Universit\u00e1rio do Porto.<\/p><p>\u00a0<\/p><p>Coordenador da especialidade de Neurocirurgia do Hospital CUF Trindade.<\/p><p>\u00a0<\/p><p>Respons\u00e1vel do CNO3.<\/p><p>\u00a0<\/p><p>Membro ativo de v\u00e1rias sociedades m\u00e9dicas nacionais e internacionais.<\/p>\t\t\t\t\t\t<\/div>\n\t\t\t\t<\/div>\n\t\t\t\t\t<\/div>\n\t\t<\/div>\n\t\t\t\t<div class=\"elementor-column elementor-col-50 elementor-top-column elementor-element elementor-element-cfcb72e\" data-id=\"cfcb72e\" data-element_type=\"column\">\n\t\t\t<div class=\"elementor-widget-wrap elementor-element-populated\">\n\t\t\t\t\t\t\t\t<div class=\"elementor-element elementor-element-83b9868 elementor-widget elementor-widget-image\" data-id=\"83b9868\" data-element_type=\"widget\" data-widget_type=\"image.default\">\n\t\t\t\t<div class=\"elementor-widget-container\">\n\t\t\t<style>\/*! elementor - v3.15.0 - 09-08-2023 *\/\n.elementor-widget-image{text-align:center}.elementor-widget-image a{display:inline-block}.elementor-widget-image a img[src$=\".svg\"]{width:48px}.elementor-widget-image img{vertical-align:middle;display:inline-block}<\/style>\t\t\t\t\t\t\t\t\t\t\t\t<img decoding=\"async\" width=\"1080\" height=\"1250\" src=\"https:\/\/www.centroneurocirurgia.com\/wp-content\/uploads\/2023\/09\/centro-neurocirurgia-neurocirurgiao-dr-alfredo-calheiros-foto-2023.jpg\" class=\"attachment-full size-full wp-image-2826\" alt=\"\" loading=\"lazy\" srcset=\"https:\/\/www.centroneurocirurgia.com\/wp-content\/uploads\/2023\/09\/centro-neurocirurgia-neurocirurgiao-dr-alfredo-calheiros-foto-2023.jpg 1080w, https:\/\/www.centroneurocirurgia.com\/wp-content\/uploads\/2023\/09\/centro-neurocirurgia-neurocirurgiao-dr-alfredo-calheiros-foto-2023-432x500.jpg 432w, https:\/\/www.centroneurocirurgia.com\/wp-content\/uploads\/2023\/09\/centro-neurocirurgia-neurocirurgiao-dr-alfredo-calheiros-foto-2023-605x700.jpg 605w, https:\/\/www.centroneurocirurgia.com\/wp-content\/uploads\/2023\/09\/centro-neurocirurgia-neurocirurgiao-dr-alfredo-calheiros-foto-2023-768x889.jpg 768w\" sizes=\"(max-width: 1080px) 100vw, 1080px\" style=\"width:100%;height:115.74%;max-width:1080px\" \/>\t\t\t\t\t\t\t\t\t\t\t\t\t\t\t<\/div>\n\t\t\t\t<\/div>\n\t\t\t\t\t<\/div>\n\t\t<\/div>\n\t\t\t\t\t\t\t<\/div>\n\t\t<\/section>\n\t\t\t\t<section class=\"elementor-section elementor-top-section elementor-element elementor-element-d6b4190 elementor-section-boxed elementor-section-height-default elementor-section-height-default\" data-id=\"d6b4190\" data-element_type=\"section\">\n\t\t\t\t\t\t<div class=\"elementor-container elementor-column-gap-default\">\n\t\t\t\t\t<div class=\"elementor-column elementor-col-50 elementor-top-column elementor-element elementor-element-bf4ca77\" data-id=\"bf4ca77\" data-element_type=\"column\">\n\t\t\t<div class=\"elementor-widget-wrap elementor-element-populated\">\n\t\t\t\t\t\t\t\t<div class=\"elementor-element elementor-element-b8cbffa elementor-widget elementor-widget-heading\" data-id=\"b8cbffa\" data-element_type=\"widget\" data-widget_type=\"heading.default\">\n\t\t\t\t<div class=\"elementor-widget-container\">\n\t\t\t<h2 class=\"elementor-heading-title elementor-size-default\">EDUCA\u00c7\u00c3O E FORMA\u00c7\u00c3O<\/h2>\t\t<\/div>\n\t\t\t\t<\/div>\n\t\t\t\t<div class=\"elementor-element elementor-element-71e182e elementor-widget elementor-widget-text-editor\" data-id=\"71e182e\" data-element_type=\"widget\" data-widget_type=\"text-editor.default\">\n\t\t\t\t<div class=\"elementor-widget-container\">\n\t\t\t\t\t\t\t<p><span style=\"color: #58c5d1;\">Licenciatura em Medicina<\/span><\/p>\t\t\t\t\t\t<\/div>\n\t\t\t\t<\/div>\n\t\t\t\t<div class=\"elementor-element elementor-element-90fff4b elementor-widget elementor-widget-text-editor\" data-id=\"90fff4b\" data-element_type=\"widget\" data-widget_type=\"text-editor.default\">\n\t\t\t\t<div class=\"elementor-widget-container\">\n\t\t\t\t\t\t\t<p>Faculdade de Medicina da Universidade do Porto [ 1987 ]<\/p>\n<p>Assistente Hospitalar Graduado em Neurocirurgia&nbsp;[ 2005 ]<\/p>\t\t\t\t\t\t<\/div>\n\t\t\t\t<\/div>\n\t\t\t\t<div class=\"elementor-element elementor-element-0a6ef1d elementor-widget elementor-widget-text-editor\" data-id=\"0a6ef1d\" data-element_type=\"widget\" data-widget_type=\"text-editor.default\">\n\t\t\t\t<div class=\"elementor-widget-container\">\n\t\t\t\t\t\t\t<p><span style=\"color: #58c5d1;\">Comiss\u00e3o do Internato Geral <\/span><\/p>\t\t\t\t\t\t<\/div>\n\t\t\t\t<\/div>\n\t\t\t\t<div class=\"elementor-element elementor-element-5591c79 elementor-widget elementor-widget-text-editor\" data-id=\"5591c79\" data-element_type=\"widget\" data-widget_type=\"text-editor.default\">\n\t\t\t\t<div class=\"elementor-widget-container\">\n\t\t\t\t\t\t\t<p>Fez parte da comiss\u00e3o em 19987-1988 que negociou com o Minist\u00e9rio da Sa\u00fade a reestrutura\u00e7\u00e3o dos Concursos\u00a0<span style=\"color: var( --e-global-color-text ); letter-spacing: 0.2px;\">de Acesso ao Internato Geral\u00a0<\/span><span style=\"color: var( --e-global-color-text ); letter-spacing: 0.2px;\">Internato Geral<\/span><\/p>\t\t\t\t\t\t<\/div>\n\t\t\t\t<\/div>\n\t\t\t\t<div class=\"elementor-element elementor-element-fff6f14 elementor-widget elementor-widget-heading\" data-id=\"fff6f14\" data-element_type=\"widget\" data-widget_type=\"heading.default\">\n\t\t\t\t<div class=\"elementor-widget-container\">\n\t\t\t<h2 class=\"elementor-heading-title elementor-size-default\">COMPET\u00caNCIAS ADQUIRIDAS<\/h2>\t\t<\/div>\n\t\t\t\t<\/div>\n\t\t\t\t<div class=\"elementor-element elementor-element-b52dee3 elementor-widget elementor-widget-text-editor\" data-id=\"b52dee3\" data-element_type=\"widget\" data-widget_type=\"text-editor.default\">\n\t\t\t\t<div class=\"elementor-widget-container\">\n\t\t\t\t\t\t\t<p><span style=\"color: #58c5d1;\">Direc\u00e7\u00e3o do servi\u00e7o<\/span><\/p>\t\t\t\t\t\t<\/div>\n\t\t\t\t<\/div>\n\t\t\t\t<div class=\"elementor-element elementor-element-425f0c0 elementor-widget elementor-widget-text-editor\" data-id=\"425f0c0\" data-element_type=\"widget\" data-widget_type=\"text-editor.default\">\n\t\t\t\t<div class=\"elementor-widget-container\">\n\t\t\t\t\t\t\t<p>[ 11\/2017 \u2013 Atual ]\u00a0<\/p><p>Em Novembro de 2017 assume a direc\u00e7\u00e3o do Servi\u00e7o de Neurocirurgia (ver plano gest\u00e3o)<\/p>\t\t\t\t\t\t<\/div>\n\t\t\t\t<\/div>\n\t\t\t\t<div class=\"elementor-element elementor-element-6a0a7e0 elementor-widget elementor-widget-text-editor\" data-id=\"6a0a7e0\" data-element_type=\"widget\" data-widget_type=\"text-editor.default\">\n\t\t\t\t<div class=\"elementor-widget-container\">\n\t\t\t\t\t\t\t<p><span style=\"color: #58c5d1;\">Actividade Cir\u00fargica<\/span><\/p>\t\t\t\t\t\t<\/div>\n\t\t\t\t<\/div>\n\t\t\t\t<div class=\"elementor-element elementor-element-046d8c5 elementor-widget elementor-widget-text-editor\" data-id=\"046d8c5\" data-element_type=\"widget\" data-widget_type=\"text-editor.default\">\n\t\t\t\t<div class=\"elementor-widget-container\">\n\t\t\t\t\t\t\t<p>Exerce a minha atividade cir\u00fargica no sector p\u00fablico no Centro Hospitalar Universit\u00e1rio do Porto, na actividade privada no Hospital Narciso Ferreira em\u00a0 Riba de Ave e no Hospital CUF Trindade no Porto. Como o bloco operat\u00f3rio deste \u00faltimo hospital est\u00e1 a ser remodelado operou desde 20019 no Hospital de Santa Maria no Porto.<\/p><p>\u00a0<\/p><p><span style=\"color: var( --e-global-color-text ); letter-spacing: 0.2px;\">Como cirurgi\u00e3o principal tem mais de 5000 cirurgias realizadas, algumas de especial dificuldade e complexidade tanto na cirurgia craniana como raquidiana. Principalmente destaca se a cirurgia de tumores complexos da base do cr\u00e2nio e r\u00e1quis.<\/span><\/p><p><span style=\"color: var( --e-global-color-text ); letter-spacing: 0.2px;\">\u00a0<\/span><\/p><p>\u00a0<\/p><p>Em 1996 ap\u00f3s forma\u00e7\u00e3o no Hospital Clinic em Barcelona iniciou a cirurgia endosc\u00f3pcia cerebral no Centro Hospitalar Universit\u00e1rio do Porto.<\/p><p>\u00a0<\/p><p>Em 2002 iniciou a artroplastia cervical em Portugal com a pr\u00f3tese de Bryan.<\/p><p>\u00a0<\/p><p>Iniciou e desenvolveu a cirurgia minimamente invasiva da coluna no servi\u00e7o de Neurocirurgia.<\/p><p>\u00a0<\/p><p>\u00a0<\/p><p>Em 2019 come\u00e7ou com a cirurgia endosc\u00f3pica da coluna pela t\u00e9cnica monoportal no Servi\u00e7o de Neurocirurgia tendo feito forma\u00e7\u00e3o em Espanha e Alemanha.<\/p><p>\u00a0<\/p><p>\u00a0<\/p><p>Este ano come\u00e7ou com uma nova t\u00e9cnica endosc\u00f3pica mas unilateral biportal ( UBE) tendo feito a sua forma\u00e7\u00e3o em Fran\u00e7a.<\/p>\t\t\t\t\t\t<\/div>\n\t\t\t\t<\/div>\n\t\t\t\t<div class=\"elementor-element elementor-element-6eddb40 elementor-widget elementor-widget-text-editor\" data-id=\"6eddb40\" data-element_type=\"widget\" data-widget_type=\"text-editor.default\">\n\t\t\t\t<div class=\"elementor-widget-container\">\n\t\t\t\t\t\t\t<p><span style=\"color: #58c5d1;\">Respons\u00e1vel pela unidade de Neurocirurgia<\/span><\/p>\t\t\t\t\t\t<\/div>\n\t\t\t\t<\/div>\n\t\t\t\t<div class=\"elementor-element elementor-element-75d0e63 elementor-widget elementor-widget-text-editor\" data-id=\"75d0e63\" data-element_type=\"widget\" data-widget_type=\"text-editor.default\">\n\t\t\t\t<div class=\"elementor-widget-container\">\n\t\t\t\t\t\t\t<p>Cidade: Porto\u00a0<\/p><p><span style=\"color: var( --e-global-color-text ); letter-spacing: 0.1px;\">Pa\u00eds: Portugal\u00a0<\/span><\/p><p>[ 1998 \u2013 Atual ]\u00a0<\/p><p><span style=\"color: var( --e-global-color-text ); letter-spacing: 0.2px;\">Hospital CUF-Trindade<\/span><\/p>\t\t\t\t\t\t<\/div>\n\t\t\t\t<\/div>\n\t\t\t\t<div class=\"elementor-element elementor-element-0769703 elementor-widget elementor-widget-text-editor\" data-id=\"0769703\" data-element_type=\"widget\" data-widget_type=\"text-editor.default\">\n\t\t\t\t<div class=\"elementor-widget-container\">\n\t\t\t\t\t\t\t<p><span style=\"color: #58c5d1;\">Respons\u00e1vel pela unidade de Neurocirurgia<\/span><\/p>\t\t\t\t\t\t<\/div>\n\t\t\t\t<\/div>\n\t\t\t\t<div class=\"elementor-element elementor-element-e051d32 elementor-widget elementor-widget-text-editor\" data-id=\"e051d32\" data-element_type=\"widget\" data-widget_type=\"text-editor.default\">\n\t\t\t\t<div class=\"elementor-widget-container\">\n\t\t\t\t\t\t\t<p>[ 2005 \u2013 Atual ]&nbsp;<\/p>\n<p>Criou no Hospital Narciso Ferreira em Riba de ave em 2005 a unidade de Neurocirurgia da qual continua respons\u00e1vel<\/p>\t\t\t\t\t\t<\/div>\n\t\t\t\t<\/div>\n\t\t\t\t<div class=\"elementor-element elementor-element-547f576 elementor-widget elementor-widget-text-editor\" data-id=\"547f576\" data-element_type=\"widget\" data-widget_type=\"text-editor.default\">\n\t\t\t\t<div class=\"elementor-widget-container\">\n\t\t\t\t\t\t\t<p><span style=\"color: #58c5d1;\">PCLEC<\/span><\/p>\t\t\t\t\t\t<\/div>\n\t\t\t\t<\/div>\n\t\t\t\t<div class=\"elementor-element elementor-element-17ae5f4 elementor-widget elementor-widget-text-editor\" data-id=\"17ae5f4\" data-element_type=\"widget\" data-widget_type=\"text-editor.default\">\n\t\t\t\t<div class=\"elementor-widget-container\">\n\t\t\t\t\t\t\t<p>[ 2001 \u2013 2005 ]\u00a0<\/p><p>Respons\u00e1vel pelo programa PCLEC do Servi\u00e7o de Neurocirurgia<\/p>\t\t\t\t\t\t<\/div>\n\t\t\t\t<\/div>\n\t\t\t\t<div class=\"elementor-element elementor-element-a314d7c elementor-widget elementor-widget-text-editor\" data-id=\"a314d7c\" data-element_type=\"widget\" data-widget_type=\"text-editor.default\">\n\t\t\t\t<div class=\"elementor-widget-container\">\n\t\t\t\t\t\t\t<p><span style=\"color: #58c5d1;\">Radiocirurgia\u00a0<\/span><\/p>\t\t\t\t\t\t<\/div>\n\t\t\t\t<\/div>\n\t\t\t\t<div class=\"elementor-element elementor-element-504d0bc elementor-widget elementor-widget-text-editor\" data-id=\"504d0bc\" data-element_type=\"widget\" data-widget_type=\"text-editor.default\">\n\t\t\t\t<div class=\"elementor-widget-container\">\n\t\t\t\t\t\t\t<p>[ 2004 \u2013 Atual ]&nbsp;<\/p>\n<p>Criou o primeiro centro de radiocirurgia em Portugal, uma unidade privada actualmente a funcionar&nbsp;<span style=\"color: var( --e-global-color-text ); letter-spacing: 0.2px;\">no Instituto CUF<\/span><\/p>\t\t\t\t\t\t<\/div>\n\t\t\t\t<\/div>\n\t\t\t\t<div class=\"elementor-element elementor-element-18f6cfd elementor-widget elementor-widget-text-editor\" data-id=\"18f6cfd\" data-element_type=\"widget\" data-widget_type=\"text-editor.default\">\n\t\t\t\t<div class=\"elementor-widget-container\">\n\t\t\t\t\t\t\t<p><span style=\"color: #58c5d1;\">Enfermaria de mulheres do Servi\u00e7o de Neurocirurgia do Centro Hospitalar Porto<\/span><\/p>\t\t\t\t\t\t<\/div>\n\t\t\t\t<\/div>\n\t\t\t\t<div class=\"elementor-element elementor-element-96779bb elementor-widget elementor-widget-text-editor\" data-id=\"96779bb\" data-element_type=\"widget\" data-widget_type=\"text-editor.default\">\n\t\t\t\t<div class=\"elementor-widget-container\">\n\t\t\t\t\t\t\t<p>[ 2005 \u2013 2017 ]\u00a0<\/p><p>Respons\u00e1vel pela enfermaria de mulheres de Neurocirurgia do Centro Hospitalar do Porto<\/p>\t\t\t\t\t\t<\/div>\n\t\t\t\t<\/div>\n\t\t\t\t<div class=\"elementor-element elementor-element-8776721 elementor-widget elementor-widget-text-editor\" data-id=\"8776721\" data-element_type=\"widget\" data-widget_type=\"text-editor.default\">\n\t\t\t\t<div class=\"elementor-widget-container\">\n\t\t\t\t\t\t\t<p><span style=\"color: #58c5d1;\">Consultor da Medtronic Portugal\u00a0<\/span><\/p>\t\t\t\t\t\t<\/div>\n\t\t\t\t<\/div>\n\t\t\t\t<div class=\"elementor-element elementor-element-2e9b367 elementor-widget elementor-widget-text-editor\" data-id=\"2e9b367\" data-element_type=\"widget\" data-widget_type=\"text-editor.default\">\n\t\t\t\t<div class=\"elementor-widget-container\">\n\t\t\t\t\t\t\t<p>[ 2005 ]\u00a0<\/p><p>Foi consultor da Medtronic no \u00e2mbito da artroplastia cervical .Iniciou esta t\u00e9cnica em Portugal l com a pr\u00f3tese de\u00a0<span style=\"color: var( --e-global-color-text ); letter-spacing: 0.2px;\">Bryan tendo colaborado no seu desenvolvimento<\/span><\/p>\t\t\t\t\t\t<\/div>\n\t\t\t\t<\/div>\n\t\t\t\t<div class=\"elementor-element elementor-element-8e70a44 elementor-widget elementor-widget-text-editor\" data-id=\"8e70a44\" data-element_type=\"widget\" data-widget_type=\"text-editor.default\">\n\t\t\t\t<div class=\"elementor-widget-container\">\n\t\t\t\t\t\t\t<p><span style=\"color: #58c5d1;\">Pais Positivo\/Seman\u00e1rio SOL<\/span><\/p>\t\t\t\t\t\t<\/div>\n\t\t\t\t<\/div>\n\t\t\t\t<div class=\"elementor-element elementor-element-ce0a2cd elementor-widget elementor-widget-text-editor\" data-id=\"ce0a2cd\" data-element_type=\"widget\" data-widget_type=\"text-editor.default\">\n\t\t\t\t<div class=\"elementor-widget-container\">\n\t\t\t\t\t\t\t<p>Consultor de medicina neste org\u00e3o de comunica\u00e7\u00e3o social<\/p>\t\t\t\t\t\t<\/div>\n\t\t\t\t<\/div>\n\t\t\t\t<div class=\"elementor-element elementor-element-74c0d06 elementor-widget elementor-widget-text-editor\" data-id=\"74c0d06\" data-element_type=\"widget\" data-widget_type=\"text-editor.default\">\n\t\t\t\t<div class=\"elementor-widget-container\">\n\t\t\t\t\t\t\t<p><span style=\"color: #58c5d1;\">Porto Canal<\/span><\/p>\t\t\t\t\t\t<\/div>\n\t\t\t\t<\/div>\n\t\t\t\t<div class=\"elementor-element elementor-element-e7bc9eb elementor-widget elementor-widget-text-editor\" data-id=\"e7bc9eb\" data-element_type=\"widget\" data-widget_type=\"text-editor.default\">\n\t\t\t\t<div class=\"elementor-widget-container\">\n\t\t\t\t\t\t\t<p>Participou durante 6 meses no programa de sa\u00fade &#8220;consult\u00f3rio&#8221; no canal de televis\u00e3o PORTO CANAL<\/p>\t\t\t\t\t\t<\/div>\n\t\t\t\t<\/div>\n\t\t\t\t<div class=\"elementor-element elementor-element-9dd8061 elementor-widget elementor-widget-text-editor\" data-id=\"9dd8061\" data-element_type=\"widget\" data-widget_type=\"text-editor.default\">\n\t\t\t\t<div class=\"elementor-widget-container\">\n\t\t\t\t\t\t\t<p><span style=\"color: #58c5d1;\">Participou durante 6 meses no programa de sa\u00fade &#8220;consult\u00f3rio&#8221; no canal de televis\u00e3o PORTO CANAL<\/span><\/p>\t\t\t\t\t\t<\/div>\n\t\t\t\t<\/div>\n\t\t\t\t<div class=\"elementor-element elementor-element-8d6737e elementor-widget elementor-widget-text-editor\" data-id=\"8d6737e\" data-element_type=\"widget\" data-widget_type=\"text-editor.default\">\n\t\t\t\t<div class=\"elementor-widget-container\">\n\t\t\t\t\t\t\t<p>[ 1993 \u2013 1996 ]<br \/><span style=\"color: var( --e-global-color-text ); letter-spacing: 0.2px;\">Durante 3 anos fez parte da equipa m\u00e9dica das provas desportivas automobil\u00edsticas do Club Estrela e Vigorosa e\u00a0<\/span><span style=\"color: var( --e-global-color-text ); letter-spacing: 0.2px;\">Sport<\/span><\/p>\t\t\t\t\t\t<\/div>\n\t\t\t\t<\/div>\n\t\t\t\t\t<\/div>\n\t\t<\/div>\n\t\t\t\t<div class=\"elementor-column elementor-col-50 elementor-top-column elementor-element elementor-element-d2022f8\" data-id=\"d2022f8\" data-element_type=\"column\">\n\t\t\t<div class=\"elementor-widget-wrap elementor-element-populated\">\n\t\t\t\t\t\t\t\t<div class=\"elementor-element elementor-element-d674cd1 elementor-widget elementor-widget-heading\" data-id=\"d674cd1\" data-element_type=\"widget\" data-widget_type=\"heading.default\">\n\t\t\t\t<div class=\"elementor-widget-container\">\n\t\t\t<h2 class=\"elementor-heading-title elementor-size-default\">EXPERI\u00caNCIA PROFISSIONAL<\/h2>\t\t<\/div>\n\t\t\t\t<\/div>\n\t\t\t\t<div class=\"elementor-element elementor-element-d5c0b3a elementor-widget elementor-widget-text-editor\" data-id=\"d5c0b3a\" data-element_type=\"widget\" data-widget_type=\"text-editor.default\">\n\t\t\t\t<div class=\"elementor-widget-container\">\n\t\t\t\t\t\t\t<p><font color=\"#58c5d1\">Internato Geral&nbsp;<\/font><\/p>\t\t\t\t\t\t<\/div>\n\t\t\t\t<\/div>\n\t\t\t\t<div class=\"elementor-element elementor-element-b456176 elementor-widget elementor-widget-text-editor\" data-id=\"b456176\" data-element_type=\"widget\" data-widget_type=\"text-editor.default\">\n\t\t\t\t<div class=\"elementor-widget-container\">\n\t\t\t\t\t\t\t<p><span style=\"color: var( --e-global-color-text ); letter-spacing: 0.2px;\">Cidade: Porto<\/span><\/p>\n<p>Pa\u00eds: Portugal<\/p>\n<p><span style=\"letter-spacing: 0.2px; color: var( --e-global-color-text );\">[ 01\/01\/1988 \u2013 31\/12\/1989 ]<\/span><\/p>\n<p>Centro Hospitalar Universit\u00e1rio do Porto<br><\/p>\t\t\t\t\t\t<\/div>\n\t\t\t\t<\/div>\n\t\t\t\t<div class=\"elementor-element elementor-element-d963e77 elementor-widget elementor-widget-text-editor\" data-id=\"d963e77\" data-element_type=\"widget\" data-widget_type=\"text-editor.default\">\n\t\t\t\t<div class=\"elementor-widget-container\">\n\t\t\t\t\t\t\t<p><span style=\"color: #58c5d1;\">Internato Complementar de Neurocirurgia\u00a0<\/span><\/p>\t\t\t\t\t\t<\/div>\n\t\t\t\t<\/div>\n\t\t\t\t<div class=\"elementor-element elementor-element-a4bfcd9 elementor-widget elementor-widget-text-editor\" data-id=\"a4bfcd9\" data-element_type=\"widget\" data-widget_type=\"text-editor.default\">\n\t\t\t\t<div class=\"elementor-widget-container\">\n\t\t\t\t\t\t\t<p>Cidade: Lisboa<\/p>\n<p><span style=\"color: var( --e-global-color-text ); letter-spacing: 0.2px;\">Pa\u00eds: Portugal<\/span><\/p>\n<p><span style=\"color: var( --e-global-color-text ); letter-spacing: 0.2px;\">[ 01\/01\/1990 \u2013 02\/1991 ]<\/span><\/p><p>Hospital Egas Moniz, Lisboa<br><\/p>\t\t\t\t\t\t<\/div>\n\t\t\t\t<\/div>\n\t\t\t\t<div class=\"elementor-element elementor-element-302c9c9 elementor-widget elementor-widget-text-editor\" data-id=\"302c9c9\" data-element_type=\"widget\" data-widget_type=\"text-editor.default\">\n\t\t\t\t<div class=\"elementor-widget-container\">\n\t\t\t\t\t\t\t<p><span style=\"color: #58c5d1;\">Internato Complementar de Neurocirurgia<\/span><\/p>\t\t\t\t\t\t<\/div>\n\t\t\t\t<\/div>\n\t\t\t\t<div class=\"elementor-element elementor-element-9a39d81 elementor-widget elementor-widget-text-editor\" data-id=\"9a39d81\" data-element_type=\"widget\" data-widget_type=\"text-editor.default\">\n\t\t\t\t<div class=\"elementor-widget-container\">\n\t\t\t\t\t\t\t<p><span style=\"letter-spacing: 0.2px; color: var( --e-global-color-text );\">Cidade: Porto<\/span><\/p>\n<p>Pa\u00eds: Portugal<br><\/p>\n<p>[ 03\/1991 \u2013 12\/1995 ]<\/p><p>Centro Hospitalar Universit\u00e1rio do Porto<br><\/p>\n<p><\/p>\t\t\t\t\t\t<\/div>\n\t\t\t\t<\/div>\n\t\t\t\t<div class=\"elementor-element elementor-element-5fd1cbe elementor-widget elementor-widget-text-editor\" data-id=\"5fd1cbe\" data-element_type=\"widget\" data-widget_type=\"text-editor.default\">\n\t\t\t\t<div class=\"elementor-widget-container\">\n\t\t\t\t\t\t\t<p><font color=\"#58c5d1\">Assistente Hospitalar Eventual de Neurocirurgia&nbsp;<\/font><\/p>\t\t\t\t\t\t<\/div>\n\t\t\t\t<\/div>\n\t\t\t\t<div class=\"elementor-element elementor-element-db4f143 elementor-widget elementor-widget-text-editor\" data-id=\"db4f143\" data-element_type=\"widget\" data-widget_type=\"text-editor.default\">\n\t\t\t\t<div class=\"elementor-widget-container\">\n\t\t\t\t\t\t\t<p>Cidade: Porto<\/p>\n<p>Pa\u00eds: Portugal<\/p>\n<p>[ 02\/1996 \u2013 08\/1997 ]<\/p>\n<p>Centro Hospitalar Universit\u00e1rio do Porto<br><\/p>\n<p><\/p>\t\t\t\t\t\t<\/div>\n\t\t\t\t<\/div>\n\t\t\t\t<div class=\"elementor-element elementor-element-4f182b9 elementor-widget elementor-widget-text-editor\" data-id=\"4f182b9\" data-element_type=\"widget\" data-widget_type=\"text-editor.default\">\n\t\t\t\t<div class=\"elementor-widget-container\">\n\t\t\t\t\t\t\t<p><font color=\"#58c5d1\">Assistente Hospitalar Eventual de Neurocirurgia&nbsp;<\/font><\/p>\t\t\t\t\t\t<\/div>\n\t\t\t\t<\/div>\n\t\t\t\t<div class=\"elementor-element elementor-element-2bd0077 elementor-widget elementor-widget-text-editor\" data-id=\"2bd0077\" data-element_type=\"widget\" data-widget_type=\"text-editor.default\">\n\t\t\t\t<div class=\"elementor-widget-container\">\n\t\t\t\t\t\t\t<p>Cidade: Porto<\/p><p><span style=\"color: var( --e-global-color-text ); letter-spacing: 0.2px;\">Pa\u00eds: Portugal<\/span><\/p><p><span style=\"color: var( --e-global-color-text ); letter-spacing: 0.2px;\">[ 10\/1997 \u2013 Atual ]<\/span><\/p><p><span style=\"color: var( --e-global-color-text ); letter-spacing: 0.2px;\">Centro Hospitalar Universit\u00e1rio do Porto<\/span><\/p>\t\t\t\t\t\t<\/div>\n\t\t\t\t<\/div>\n\t\t\t\t<div class=\"elementor-element elementor-element-e5eebb0 elementor-widget elementor-widget-text-editor\" data-id=\"e5eebb0\" data-element_type=\"widget\" data-widget_type=\"text-editor.default\">\n\t\t\t\t<div class=\"elementor-widget-container\">\n\t\t\t\t\t\t\t<p><span style=\"color: #58c5d1;\">Curso de Gest\u00e3o de Servi\u00e7os Hospitalares e Racionalidade Econ\u00f3mica<\/span><\/p>\t\t\t\t\t\t<\/div>\n\t\t\t\t<\/div>\n\t\t\t\t<div class=\"elementor-element elementor-element-0dc74d8 elementor-widget elementor-widget-text-editor\" data-id=\"0dc74d8\" data-element_type=\"widget\" data-widget_type=\"text-editor.default\">\n\t\t\t\t<div class=\"elementor-widget-container\">\n\t\t\t\t\t\t\t<p>[ 05\/1999 \u2013 05\/1999 ]<\/p><p>Centro Hospitalar Universit\u00e1rio do Porto<\/p>\t\t\t\t\t\t<\/div>\n\t\t\t\t<\/div>\n\t\t\t\t<div class=\"elementor-element elementor-element-9487fcf elementor-widget elementor-widget-text-editor\" data-id=\"9487fcf\" data-element_type=\"widget\" data-widget_type=\"text-editor.default\">\n\t\t\t\t<div class=\"elementor-widget-container\">\n\t\t\t\t\t\t\t<p><span style=\"color: #58c5d1;\">Assistente Volunt\u00e1rio da Cadeira de Neurocirurgia<\/span><\/p>\t\t\t\t\t\t<\/div>\n\t\t\t\t<\/div>\n\t\t\t\t<div class=\"elementor-element elementor-element-8ecd542 elementor-widget elementor-widget-text-editor\" data-id=\"8ecd542\" data-element_type=\"widget\" data-widget_type=\"text-editor.default\">\n\t\t\t\t<div class=\"elementor-widget-container\">\n\t\t\t\t\t\t\t<p>Cidade: Porto<\/p><p>Pa\u00eds: Portugal<\/p><p>[ 1994 \u2013 2002 ]<\/p><p>Curso de Medicina Instituto Ci\u00eancias Biom\u00e9dicas Abel Salazar<\/p>\t\t\t\t\t\t<\/div>\n\t\t\t\t<\/div>\n\t\t\t\t<div class=\"elementor-element elementor-element-7bf6acc elementor-widget elementor-widget-text-editor\" data-id=\"7bf6acc\" data-element_type=\"widget\" data-widget_type=\"text-editor.default\">\n\t\t\t\t<div class=\"elementor-widget-container\">\n\t\t\t\t\t\t\t<p><span style=\"color: #58c5d1;\">Membro da Comiss\u00e3o de Acompanhamento dos dos Hospitais SA<\/span><\/p>\t\t\t\t\t\t<\/div>\n\t\t\t\t<\/div>\n\t\t\t\t<div class=\"elementor-element elementor-element-86c2ace elementor-widget elementor-widget-text-editor\" data-id=\"86c2ace\" data-element_type=\"widget\" data-widget_type=\"text-editor.default\">\n\t\t\t\t<div class=\"elementor-widget-container\">\n\t\t\t\t\t\t\t<p>[ 2005 \u2013 2007 ]<\/p><p>Sec\u00e7\u00e3o Regional do Norte Da Ordem M\u00e9dicos<\/p>\t\t\t\t\t\t<\/div>\n\t\t\t\t<\/div>\n\t\t\t\t<div class=\"elementor-element elementor-element-51c52b5 elementor-widget elementor-widget-text-editor\" data-id=\"51c52b5\" data-element_type=\"widget\" data-widget_type=\"text-editor.default\">\n\t\t\t\t<div class=\"elementor-widget-container\">\n\t\t\t\t\t\t\t<p><span style=\"color: #58c5d1;\">Grau Consultor da Carreira M\u00e9dica Hospitalar em Neurocirurgia<\/span><\/p>\t\t\t\t\t\t<\/div>\n\t\t\t\t<\/div>\n\t\t\t\t<div class=\"elementor-element elementor-element-e382786 elementor-widget elementor-widget-text-editor\" data-id=\"e382786\" data-element_type=\"widget\" data-widget_type=\"text-editor.default\">\n\t\t\t\t<div class=\"elementor-widget-container\">\n\t\t\t\t\t\t\t<p>Pa\u00eds: Portugal<\/p><p><span style=\"letter-spacing: 0.2px;\">[ 30\/12\/2005 \u2013 Atual ]<\/span><\/p>\t\t\t\t\t\t<\/div>\n\t\t\t\t<\/div>\n\t\t\t\t<div class=\"elementor-element elementor-element-93ad4e4 elementor-widget elementor-widget-text-editor\" data-id=\"93ad4e4\" data-element_type=\"widget\" data-widget_type=\"text-editor.default\">\n\t\t\t\t<div class=\"elementor-widget-container\">\n\t\t\t\t\t\t\t<p><span style=\"color: #58c5d1;\">P\u00f3s Gradua\u00e7\u00e3o em Gest\u00e3o e Direc\u00e7\u00e3o de Servi\u00e7os de Sa\u00fade<\/span><\/p>\t\t\t\t\t\t<\/div>\n\t\t\t\t<\/div>\n\t\t\t\t<div class=\"elementor-element elementor-element-bad6719 elementor-widget elementor-widget-text-editor\" data-id=\"bad6719\" data-element_type=\"widget\" data-widget_type=\"text-editor.default\">\n\t\t\t\t<div class=\"elementor-widget-container\">\n\t\t\t\t\t\t\t<p>Cidade: Porto\u00a0<\/p><p>Pa\u00eds: Portugal\u00a0<\/p><p>[ 2005 \u2013 2006 ]<\/p><p><span style=\"color: var( --e-global-color-text ); letter-spacing: 0.2px;\">Classifica\u00e7\u00e3o de Muito Bom<\/span><\/p><p>Faculdade de Economia do Porto (Porto Business School)<\/p>\t\t\t\t\t\t<\/div>\n\t\t\t\t<\/div>\n\t\t\t\t<div class=\"elementor-element elementor-element-c062cfd elementor-widget elementor-widget-text-editor\" data-id=\"c062cfd\" data-element_type=\"widget\" data-widget_type=\"text-editor.default\">\n\t\t\t\t<div class=\"elementor-widget-container\">\n\t\t\t\t\t\t\t<p><span style=\"color: #58c5d1;\">Presidente das I Jornadas de Neurocirurgia e Neurologia da Ordem da Trindade para Medicina\u00a0<\/span><span style=\"color: #58c5d1; letter-spacing: 0.1px;\">Geral e Familiar<\/span><\/p>\t\t\t\t\t\t<\/div>\n\t\t\t\t<\/div>\n\t\t\t\t<div class=\"elementor-element elementor-element-2fe38aa elementor-widget elementor-widget-text-editor\" data-id=\"2fe38aa\" data-element_type=\"widget\" data-widget_type=\"text-editor.default\">\n\t\t\t\t<div class=\"elementor-widget-container\">\n\t\t\t\t\t\t\t<p>[ 09\/2012 \u2013 09\/2012 ]\u00a0<\/p>\t\t\t\t\t\t<\/div>\n\t\t\t\t<\/div>\n\t\t\t\t<div class=\"elementor-element elementor-element-eb58020 elementor-widget elementor-widget-text-editor\" data-id=\"eb58020\" data-element_type=\"widget\" data-widget_type=\"text-editor.default\">\n\t\t\t\t<div class=\"elementor-widget-container\">\n\t\t\t\t\t\t\t<p><span style=\"color: #58c5d1;\">Director Adjunto Bloco Operat\u00f3rio do CHU Porto<\/span><\/p>\t\t\t\t\t\t<\/div>\n\t\t\t\t<\/div>\n\t\t\t\t<div class=\"elementor-element elementor-element-9f6162b elementor-widget elementor-widget-text-editor\" data-id=\"9f6162b\" data-element_type=\"widget\" data-widget_type=\"text-editor.default\">\n\t\t\t\t<div class=\"elementor-widget-container\">\n\t\t\t\t\t\t\t<p><span style=\"letter-spacing: 0.2px; color: var( --e-global-color-text );\">[ 01\/02\/2016 \u2013 Atual ]\u00a0<\/span><\/p><p>Centro Hospitalar Universit\u00e1rio Porto<\/p><p>Director Adjunto Bloco Operat\u00f3rio do CHUPorto desde 2016<\/p>\t\t\t\t\t\t<\/div>\n\t\t\t\t<\/div>\n\t\t\t\t<div class=\"elementor-element elementor-element-d7546f4 elementor-widget elementor-widget-text-editor\" data-id=\"d7546f4\" data-element_type=\"widget\" data-widget_type=\"text-editor.default\">\n\t\t\t\t<div class=\"elementor-widget-container\">\n\t\t\t\t\t\t\t<p><span style=\"color: #58c5d1;\">Curso Lideran\u00e7a e Comunica\u00e7\u00e3o na Sa\u00fade\u00a0<\/span><\/p>\t\t\t\t\t\t<\/div>\n\t\t\t\t<\/div>\n\t\t\t\t<div class=\"elementor-element elementor-element-4e8f2e0 elementor-widget elementor-widget-text-editor\" data-id=\"4e8f2e0\" data-element_type=\"widget\" data-widget_type=\"text-editor.default\">\n\t\t\t\t<div class=\"elementor-widget-container\">\n\t\t\t\t\t\t\t<p>[ 01\/2017 \u2013 01\/2017 ]<\/p><p>Instituto Portugu\u00eas Atl\u00e2ntico Sul, Porto<\/p>\t\t\t\t\t\t<\/div>\n\t\t\t\t<\/div>\n\t\t\t\t<div class=\"elementor-element elementor-element-1ade370 elementor-widget elementor-widget-text-editor\" data-id=\"1ade370\" data-element_type=\"widget\" data-widget_type=\"text-editor.default\">\n\t\t\t\t<div class=\"elementor-widget-container\">\n\t\t\t\t\t\t\t<p><span style=\"color: #58c5d1;\">Director de Servi\u00e7o de Neurocirurgia do CHUPorto\u00a0<\/span><\/p>\t\t\t\t\t\t<\/div>\n\t\t\t\t<\/div>\n\t\t\t\t<div class=\"elementor-element elementor-element-acf8c1f elementor-widget elementor-widget-text-editor\" data-id=\"acf8c1f\" data-element_type=\"widget\" data-widget_type=\"text-editor.default\">\n\t\t\t\t<div class=\"elementor-widget-container\">\n\t\t\t\t\t\t\t<p><span style=\"color: var( --e-global-color-text ); letter-spacing: 0.2px;\">[ 02\/11\/2017 \u2013 Atual ]<\/span><\/p>\t\t\t\t\t\t<\/div>\n\t\t\t\t<\/div>\n\t\t\t\t<div class=\"elementor-element elementor-element-9b428e5 elementor-widget elementor-widget-text-editor\" data-id=\"9b428e5\" data-element_type=\"widget\" data-widget_type=\"text-editor.default\">\n\t\t\t\t<div class=\"elementor-widget-container\">\n\t\t\t\t\t\t\t<p><span style=\"color: #58c5d1;\">Professor Associado Convidado na cadeira de Neurociencias do 4\u00ba ano do Curso de Medicina<\/span><\/p>\t\t\t\t\t\t<\/div>\n\t\t\t\t<\/div>\n\t\t\t\t<div class=\"elementor-element elementor-element-56fe00c elementor-widget elementor-widget-text-editor\" data-id=\"56fe00c\" data-element_type=\"widget\" data-widget_type=\"text-editor.default\">\n\t\t\t\t<div class=\"elementor-widget-container\">\n\t\t\t\t\t\t\t<p><span style=\"color: var( --e-global-color-text ); letter-spacing: 0.2px;\">[ 2018 ]<\/span><\/p><p>Instituto Ci\u00eancias Biom\u00e9dicas Abel Salazar<\/p>\t\t\t\t\t\t<\/div>\n\t\t\t\t<\/div>\n\t\t\t\t<div class=\"elementor-element elementor-element-1ab14ba elementor-widget elementor-widget-text-editor\" data-id=\"1ab14ba\" data-element_type=\"widget\" data-widget_type=\"text-editor.default\">\n\t\t\t\t<div class=\"elementor-widget-container\">\n\t\t\t\t\t\t\t<p><span style=\"color: #58c5d1;\">Professor Associado Convidado Regente cadeira de Neurocirug\u00eda Optativa do 5\u00ba ano do Curso de\u00a0<\/span><span style=\"color: #58c5d1; letter-spacing: 0.1px;\">Medicina<\/span><\/p>\t\t\t\t\t\t<\/div>\n\t\t\t\t<\/div>\n\t\t\t\t<div class=\"elementor-element elementor-element-56f5e03 elementor-widget elementor-widget-text-editor\" data-id=\"56f5e03\" data-element_type=\"widget\" data-widget_type=\"text-editor.default\">\n\t\t\t\t<div class=\"elementor-widget-container\">\n\t\t\t\t\t\t\t<p><span style=\"color: var( --e-global-color-text ); letter-spacing: 0.2px;\">[ 2018 \u2013 Atual ]<\/span><\/p><p>Instituto Ci\u00eancias Abel Salazar<\/p>\t\t\t\t\t\t<\/div>\n\t\t\t\t<\/div>\n\t\t\t\t<div class=\"elementor-element elementor-element-4951740 elementor-widget elementor-widget-text-editor\" data-id=\"4951740\" data-element_type=\"widget\" data-widget_type=\"text-editor.default\">\n\t\t\t\t<div class=\"elementor-widget-container\">\n\t\t\t\t\t\t\t<p><span style=\"color: #58c5d1;\">Curso PADIS<\/span><\/p>\t\t\t\t\t\t<\/div>\n\t\t\t\t<\/div>\n\t\t\t\t<div class=\"elementor-element elementor-element-276dfe7 elementor-widget elementor-widget-text-editor\" data-id=\"276dfe7\" data-element_type=\"widget\" data-widget_type=\"text-editor.default\">\n\t\t\t\t<div class=\"elementor-widget-container\">\n\t\t\t\t\t\t\t<p><span style=\"color: var( --e-global-color-text ); letter-spacing: 0.2px;\">[ 10\/2019 \u2013 01\/2020 ]<\/span><\/p><p>Programa de Alta Dire\u00e7\u00e3o de Institui\u00e7\u00f5es de Sa\u00fade,\u00a0<span style=\"color: var( --e-global-color-text ); letter-spacing: 0.2px;\">AESE Business School<\/span><\/p>\t\t\t\t\t\t<\/div>\n\t\t\t\t<\/div>\n\t\t\t\t\t<\/div>\n\t\t<\/div>\n\t\t\t\t\t\t\t<\/div>\n\t\t<\/section>\n\t\t\t\t<section class=\"elementor-section elementor-top-section elementor-element elementor-element-56fd2bb elementor-section-boxed elementor-section-height-default elementor-section-height-default\" data-id=\"56fd2bb\" data-element_type=\"section\">\n\t\t\t\t\t\t<div class=\"elementor-container elementor-column-gap-default\">\n\t\t\t\t\t<div class=\"elementor-column elementor-col-100 elementor-top-column elementor-element elementor-element-ff13dc0\" data-id=\"ff13dc0\" data-element_type=\"column\">\n\t\t\t<div class=\"elementor-widget-wrap elementor-element-populated\">\n\t\t\t\t\t\t\t\t<div class=\"elementor-element elementor-element-9e9b1c6 elementor-widget elementor-widget-toggle\" data-id=\"9e9b1c6\" data-element_type=\"widget\" data-widget_type=\"toggle.default\">\n\t\t\t\t<div class=\"elementor-widget-container\">\n\t\t\t<style>\/*! elementor - v3.15.0 - 09-08-2023 *\/\n.elementor-toggle{text-align:left}.elementor-toggle .elementor-tab-title{font-weight:700;line-height:1;margin:0;padding:15px;border-bottom:1px solid #d5d8dc;cursor:pointer;outline:none}.elementor-toggle .elementor-tab-title .elementor-toggle-icon{display:inline-block;width:1em}.elementor-toggle .elementor-tab-title .elementor-toggle-icon svg{-webkit-margin-start:-5px;margin-inline-start:-5px;width:1em;height:1em}.elementor-toggle .elementor-tab-title .elementor-toggle-icon.elementor-toggle-icon-right{float:right;text-align:right}.elementor-toggle .elementor-tab-title .elementor-toggle-icon.elementor-toggle-icon-left{float:left;text-align:left}.elementor-toggle .elementor-tab-title .elementor-toggle-icon .elementor-toggle-icon-closed{display:block}.elementor-toggle .elementor-tab-title .elementor-toggle-icon .elementor-toggle-icon-opened{display:none}.elementor-toggle .elementor-tab-title.elementor-active{border-bottom:none}.elementor-toggle .elementor-tab-title.elementor-active .elementor-toggle-icon-closed{display:none}.elementor-toggle .elementor-tab-title.elementor-active .elementor-toggle-icon-opened{display:block}.elementor-toggle .elementor-tab-content{padding:15px;border-bottom:1px solid #d5d8dc;display:none}@media (max-width:767px){.elementor-toggle .elementor-tab-title{padding:12px}.elementor-toggle .elementor-tab-content{padding:12px 10px}}.e-con-inner>.elementor-widget-toggle,.e-con>.elementor-widget-toggle{width:var(--container-widget-width);--flex-grow:var(--container-widget-flex-grow)}<\/style>\t\t<div class=\"elementor-toggle\">\n\t\t\t\t\t\t\t<div class=\"elementor-toggle-item\">\n\t\t\t\t\t<div id=\"elementor-tab-title-1661\" class=\"elementor-tab-title\" data-tab=\"1\" role=\"button\" aria-controls=\"elementor-tab-content-1661\" aria-expanded=\"false\">\n\t\t\t\t\t\t\t\t\t\t\t\t<span class=\"elementor-toggle-icon elementor-toggle-icon-left\" aria-hidden=\"true\">\n\t\t\t\t\t\t\t\t\t\t\t\t\t\t\t<span class=\"elementor-toggle-icon-closed\"><i class=\"fas fa-caret-right\"><\/i><\/span>\n\t\t\t\t\t\t\t\t<span class=\"elementor-toggle-icon-opened\"><i class=\"elementor-toggle-icon-opened fas fa-caret-up\"><\/i><\/span>\n\t\t\t\t\t\t\t\t\t\t\t\t\t<\/span>\n\t\t\t\t\t\t\t\t\t\t\t\t<a class=\"elementor-toggle-title\" tabindex=\"0\">ACTIVIDADES DE FORMA\u00c7\u00c3O<\/a>\n\t\t\t\t\t<\/div>\n\n\t\t\t\t\t<div id=\"elementor-tab-content-1661\" class=\"elementor-tab-content elementor-clearfix\" data-tab=\"1\" role=\"region\" aria-labelledby=\"elementor-tab-title-1661\"><p><b>Comiss\u00e3o Cientifica 36\u00ba Congresso Nacional da Sociedade Portuguesa de Neurocirurgia <br \/><\/b>[ 2020 \u2013 2020 ]<\/p><p>\u00a0<\/p><p><b>Comiss\u00e3o Cientifica do VIII congresso Sociedade portuguesa de patologia coluna vertebral <br \/><\/b>[ 10\/2019 \u2013 11\/2019 ]<\/p><p>\u00a0<\/p><p><b>Orientador de 10 Teses de Mestrado Integrado em Medicina <br \/><\/b>[ 2018 \u2013 2021 ]<\/p><p>\u00a0<\/p><p><b>Colaborador num Programa de Tese de Doutoramento do Departamento de Engenharia Mec\u00e2nica da Universidade Aveiro, 2015<\/b><\/p><p><b>\u00a0<\/b><\/p><p><b>Professor no Curso de P\u00f3s Gradua\u00e7\u00e3o \u201cCurso de Especializa\u00e7\u00e3o em Assist\u00eancia Integral em Urg\u00eancias e Emerg\u00eancias\u201d, Instituto de Est\u00fadios M\u00e9dicos de Barcelona, 2013<\/b><\/p><p>[ 2013 \u2013 2013 ]<\/p><p>\u00a0<\/p><p><b>Professor Convidado da Faculdade Medicina de Maputo, Universidade Eduardo Mondlane, Mo\u00e7ambique, 2012 <\/b><br \/>[ 11\/2012 \u2013 12\/2012 ]<\/p><p>\u00a0<\/p><p><b>Forma\u00e7\u00e3o Te\u00f3rica e Pr\u00e1tica aos Neurocirurgi\u00f5es Mo\u00e7ambicanos do Hospital Central de Maputo Eduardo Mondlane<\/b><br \/>[ 11\/2012 \u2013 12\/2012 ]<\/p><p>Operou e deu forma\u00e7\u00e3o te\u00f3rica aos neurocirurgi\u00f5es Mo\u00e7ambicanos.<\/p><p>\u00a0<\/p><p><b>Projeto de Investiga\u00e7\u00e3o Cientifica da Universidade do Minho <\/b><br \/>Participou num projeto de investiga\u00e7\u00e3o cientifica da Universidade do Minho (Ci\u00eancias da sa\u00fade-Engenharia Biom\u00e8dica).\u00a0<span style=\"color: var( --e-global-color-text );\">Simozone-simula\u00e7\u00e3o num\u00e9rica do processo n\u00e3o invasivo de ozonoterapia para o tratamento e reabilita\u00e7\u00e3o das\u00a0<\/span><span style=\"color: var( --e-global-color-text );\">doen\u00e7as do disco intervertebral. Braga 2011.<\/span><\/p><p>\u00a0<\/p><p><b>Orientador de Forma\u00e7\u00e3o de um M\u00e9dico Interno de Neurocirurgia, Janeiro 2000-Dezembro 2006 <br \/><\/b>[ 2000 \u2013 2005 ]<\/p><p>\u00a0<\/p><p><b>Abordagem do Traumatizado Cr\u00e2nioencef\u00e1lico <br \/><\/b>[ 1998 \u2013 1998 ]\u00a0<br \/><span style=\"color: var( --e-global-color-text );\">Forma\u00e7\u00e3o aos m\u00e9dicos da especialidade de Medicina Geral e Familiar na \u00e1rea Traumatizado Cr\u00e2nioencef\u00e1lico nos\u00a0<\/span><span style=\"color: var( --e-global-color-text );\">Centro de Sa\u00fade de Amarante, Centro de Sa\u00fade de Pa\u00e7os de Ferreira e Centro de Sa\u00fade de Ovar.<\/span><\/p><p>\u00a0<\/p><p>\u00a0<\/p><\/div>\n\t\t\t\t<\/div>\n\t\t\t\t\t\t\t<div class=\"elementor-toggle-item\">\n\t\t\t\t\t<div id=\"elementor-tab-title-1662\" class=\"elementor-tab-title\" data-tab=\"2\" role=\"button\" aria-controls=\"elementor-tab-content-1662\" aria-expanded=\"false\">\n\t\t\t\t\t\t\t\t\t\t\t\t<span class=\"elementor-toggle-icon elementor-toggle-icon-left\" aria-hidden=\"true\">\n\t\t\t\t\t\t\t\t\t\t\t\t\t\t\t<span class=\"elementor-toggle-icon-closed\"><i class=\"fas fa-caret-right\"><\/i><\/span>\n\t\t\t\t\t\t\t\t<span class=\"elementor-toggle-icon-opened\"><i class=\"elementor-toggle-icon-opened fas fa-caret-up\"><\/i><\/span>\n\t\t\t\t\t\t\t\t\t\t\t\t\t<\/span>\n\t\t\t\t\t\t\t\t\t\t\t\t<a class=\"elementor-toggle-title\" tabindex=\"0\">CURSOS E EST\u00c1GIOS<\/a>\n\t\t\t\t\t<\/div>\n\n\t\t\t\t\t<div id=\"elementor-tab-content-1662\" class=\"elementor-tab-content elementor-clearfix\" data-tab=\"2\" role=\"region\" aria-labelledby=\"elementor-tab-title-1662\"><p><b>Unilateral Biportal Endoscopy <br \/><\/b>[ 11\/2021 \u2013 11\/2021 ] <br \/>Endoscopic Spine Academy<br \/>Karlsruher,Germany<\/p><p>\u00a0<\/p><p><b>Combined Endoscopic Spine Surgery <br \/><\/b>[ 09\/2021 \u2013 09\/2021 ] <br \/>Endoscopic Spine Academy<br \/>Karlsruher,Germany<\/p><p>\u00a0<\/p><p><b>Unilateral Biportal Endoscopy <br \/><\/b>[ 07\/2019 \u2013 07\/2021 ] <br \/>Clinique du Palais ,Grasse,France<br \/>Maxim Challali<\/p><p>\u00a0<\/p><p><b>Innovations &amp; Trens in Spine Surgery. How to Transfer to Your Daily Practice? <br \/><\/b>[ 07\/2018 ] <br \/>INNOVATIONS &amp; TRENS IN SPINE SURGERY. HOW TO TRANSFER TO YOUR DAILY PRACTICE?<br \/>Completed the 15th Summer University. Medtronic. Alemanha<\/p><p>\u00a0<\/p><p><b>New Technologies In Spine Surgery <br \/><\/b>[ 02\/2018 \u2013 02\/2018 ] <br \/>Quiron Hospital,Barcelona<\/p><p>\u00a0<\/p><p><b>Curso Pr\u00e1tico de Endoscopia da coluna <br \/><\/b>[ 04\/2017 \u2013 04\/2017 ] <br \/>Faculdade de Medicina da Universidade CEU San Pablo,Madrid, Espanha<\/p><p>\u00a0<\/p><p><b>Fluorescence-Guided resection using Gliolan<span style=\"color: var( --e-global-color-text );\">\u00a0<\/span><\/b><\/p><p>[ 01\/2017 \u2013 01\/2017 ] <br \/>Klinic Hirslanden,Zurich,Switzerland<\/p><p>\u00a0<\/p><p><b>Society for Minimally Invasive Spine Surgery &#8211; Global Forum &#8217;15 <br \/><\/b>[ 11\/2015 ] <br \/>SOCIETY FOR MINIMALLY INVASIVE SPINE SURGERY &#8211; GLOBAL FORUM &#8217;15. SMISS, LAS VEGAS, Nevada.USA<br \/><b><br \/><\/b><\/p><p><b>Medical Education &#8211; Taller en Nuevas Tecnologias en Cirurgia de Columna <br \/><\/b>[ 02\/2013 ]<\/p><p>\u00a0<\/p><p><b>MEDICAL EDUCATION &#8211; TALLER EN NUEVAS TECNOLOGIAS EN CIRURGIA DE COLUMNA. Medtronic. Barcelona<br \/><\/b>Ozone Workshop: Ozone in Chronic Pain, Joint Diseases and Rheumatology <br \/>[ 05\/2013 ]<\/p><p>\u00a0<\/p><p><b>OZONE WORKSHOP: OZONE IN CHRONIC PAIN, JOINT DISEASES AND RHEUMATOLOGY.<br \/><\/b>European Cooperation of Medical Ozono Societies.<\/p><p>\u00a0<\/p><p><b>Interspinous Solutions: Patient Selection and Implant Technique <br \/><\/b>[ 05\/2009 ] <br \/>INTERSPINOUS SOLUTIONS: PATIENT SELECTION AND IMPLANT TECHNIQUE. Medtronic. Leiden, The Netherlands.<br \/><b><br \/><\/b><\/p><p><b>Curso Pr\u00e1tico de Endoscopia da coluna <br \/><\/b>[ 05\/2018 \u2013 05\/2018 ] <br \/>CIPF -Centro de Investiga\u00e7\u00e3o Principe Felipe,Valencia, Espanha<br \/><b><br \/><\/b><\/p><p><b>No\u00e7\u00f5es B\u00e1sicas de Higiene, Sa\u00fade e Seguran\u00e7a <br \/><\/b>[ 06\/2008 ] <br \/>Frequentou o curso de forma\u00e7\u00e3o profissional no Centro Hospitalar do Porto: No\u00e7\u00f5es B\u00e1sicas de Higiene, Sa\u00fade e Seguran\u00e7a. <br \/><b><br \/><\/b><\/p><p><b>Cervical Disc User&#8217;s Meeting Moving Forward with Cervical Arthroplasty <br \/><\/b>[ 11\/2007 ] <br \/>Participou no curso CERVICAL DISC USER&#8217;S MEETING MOVING FORWARD WITH CERVICAL ARTHROPLASTY. Medtronic. Budapest, Hungary.<br \/><b><br \/><\/b><\/p><p><b>Advanced Techniques in Posterior Lumbar Stabilization Course <br \/><\/b>[ 01\/2006 ] <br \/>ADVANCED TECHNIQUES IN POSTERIOR LUMBAR STABILIZATION COURSE. Medtronic. Vienna.<br \/><b><br \/><\/b><\/p><p><b>Percutaneous Disc Descrompression <br \/><\/b>[ 11\/2002 \u2013 11\/2002 ] <br \/>Curso pr\u00e1tico de Nucleoplastia realizado em Col\u00f3nia na MediaPark Klinic.<\/p><p>\u00a0<\/p><p><b>Cervical Disc Prothesis de &#8220;Bryan&#8221; <br \/><\/b>[ 11\/2002 \u2013 11\/2002 ] <br \/>Curso te\u00f3rico-pr\u00e1tico de cirurgia da coluna cervical para coloca\u00e7\u00e3o de pr\u00f3teses de disco cervicais, realizado em Bord\u00e9us no Hospital Tripode no Servi\u00e7o do Prof. V. Pointillart.<br \/><b><br \/><\/b><\/p><p><b>Curso de Aneurismas Cerebrais <br \/><\/b>[ 05\/2001 \u2013 05\/2001 ] <br \/>Curso realizado em Braga, dirigido pelo Prof. Evandro de Oliveira<\/p><p>\u00a0<\/p><p><b>Curso Te\u00f3rico-Pr\u00e1tico Sobre Cirurgia da Art\u00e9ria Car\u00f3tida <br \/><\/b>[ 11\/1999 \u2013 11\/1999 ] <br \/>Curso te\u00f3rico pr\u00e1tico realizado em Almada no Servi\u00e7o Neurocirurgia do Hospital Garcia da Orta sobre a cirurgia da art\u00e9ria car\u00f3tida (endarterectomia).<br \/><b><br \/><\/b><\/p><p><b>Neurosurgical Department at University Hospital Center Ljubljan <br \/><\/b>[ 10\/1999 \u2013 11\/1999 ] <br \/>Estagiou no servi\u00e7o do Prof. Dolenc ,Lubliana,Eslov\u00e9nia<\/p><p>\u00a0<\/p><p><b>Curso de Endoscopia da Coluna <br \/><\/b>[ 05\/1999 \u2013 05\/1999 ] <br \/>Curso pr\u00e1tico de cirurgia endosc\u00f3pica da coluna realizado em Madrid, no Hospital Ramon Cajal. <br \/><b><br \/><\/b><\/p><p><b>North American Skull Base Society <br \/><\/b>[ 1997 \u2013 1997 ] <br \/>Participou no Course: 3-D Operative Techniques Course em Little Rock, USA. O curso foi ministrado por: M.G. Yasargil, U. Fisch, J.L. Fox, O. Al-Mefty, R. Spetzeler<br \/><b><br \/><\/b><\/p><p><b>Neuroendoscopy Workshop <br \/><\/b>[ 03\/1998 \u2013 03\/1998 ] <br \/>Londres, organizado pelo &#8220;The Royal College of Surgeons of England&#8221;<\/p><p>\u00a0<\/p><p><b>II Curso de Estimula\u00e7\u00e3o El\u00e9trica <br \/><\/b>[ 01\/1998 \u2013 01\/1998 ] <br \/><b><br \/><\/b><\/p><p><b>European Course in Neurosurgery &#8211; E.A.N.S. <br \/><\/b>[ 09\/1997 \u2013 09\/1997 ] <br \/>European Association of Neurosurgical Societes (E.A.N.S.), Southtampton, em Inglaterra. Neste ano finalizou este ciclo do &#8220;European Courses in Neurosurgery&#8221; com aproveitamento.<br \/><b><br \/><\/b><\/p><p><b>Introdu\u00e7\u00e3o a Pratica de Investiga\u00e7\u00e3o em Sa\u00fade <br \/><\/b>[ 06\/1997 \u2013 06\/1997 ] <br \/>Frequentou este curso de forma\u00e7\u00e3o promovido pela Administra\u00e7\u00e3o Regional de Sa\u00fade do Norte.<br \/><b><br \/><\/b><\/p><p><b>Surgical Approaches to the Skull Base <br \/><\/b>[ 03\/1997 \u2013 03\/1997 ] <br \/>Frequentou na Saint Louis University School of Medicine, em Saint Louis, USA, o curso de Surgical Approaches to the Skull Base. Tratou-se de um curso de microdissec\u00e7\u00e3o em cad\u00e1veres preparados, e apresenta\u00e7\u00e3o de casos pr\u00e1ticos com proje\u00e7\u00f5es em 3-D organizado pela Practical Anatomy and Surgical Technique Workshop.<br \/><b><br \/><\/b><\/p><p><b>University Arkansas for Medical Sciences <br \/><\/b>[ 03\/1997 \u2013 03\/1997 ] <br \/>Tive a oportunidade de visitar o Departamento de Neurocirurgia da University Arkansas for Medical Sciences em Little Rock nos USA.<br \/><b><br \/><\/b><\/p><p><b>European Course in Neurosurgery &#8211; E.A.N.S. <br \/><\/b>[ 09\/1996 \u2013 09\/1996 ] <br \/>&#8220;European Course in Neurosurgery&#8221; da European Association of Neurosurgical Societes (E.A.N.S.) em Aalborg, Dinamarca.<br \/><b><br \/><\/b><\/p><p><b>International Course on Clinical Neurosurgery, Hanov\u00ear <br \/><\/b>[ 11\/1995 \u2013 12\/1995 ] <br \/>Participei no XI International Course on Clinical Neurosurgery do Continuing Education Project da World Federation of Neurosurgical Societes, dirigido pelo Professor Samii.<br \/><b><br \/><\/b><\/p><p><b>Espa\u00e7adores Intersom\u00e1ticos Lombares <br \/><\/b>[ 10\/1995 \u2013 10\/1995 ] <br \/>&#8220;Espa\u00e7adores intersom\u00e1ticos lombares com diapas\u00e3o&#8221;, Hospital Egas Moniz, Lisboa.<br \/><b><br \/><\/b><\/p><p><b>European Course in Neurosurgery &#8211; E.A.N.S. <br \/><\/b>[ 09\/1995 \u2013 09\/1995 ] <br \/>&#8220;European Course in Neurosurgery&#8221; da European Association of Neurosurgical Societes (E.A.N.S.) em Klagenfurt, Austria.<br \/><b><br \/><\/b><\/p><p><b>Tercer Curso Pr\u00e1ctico de Formaci\u00f3n en Neuroendoscopia <br \/><\/b>[ 03\/1995 \u2013 03\/1995 ] <br \/>Curso pratico de neuroendoscopia no Hospital Clinic de Barcelona no Servi\u00e7o de Neurocirurgia do Professor E. Ferrer.<\/p><p>\u00a0<\/p><p><b>European Course in Neurosurgery &#8211; E.A.N.S. <br \/><\/b>[ 09\/1994 \u2013 09\/1994 ] <br \/>Iniciou o &#8220;European Course in Neurosurgery&#8221; da European Association of Neurosurgical Societes (E.A.N.S.) em Cesme, Izmir, Turquia. Foi-lhe atribu\u00edda uma bolsa para a frequ\u00eancia desde curso.<\/p><p><b>\u00a0<\/b><\/p><p><b>International Course on Clinical Neurosurgery <br \/><\/b>[ 06\/1994 \u2013 06\/1994 ] <br \/>Participou no VIII International Course on Clinical Neurosurgery do Continuing Education Project da World Federation of Neurosurgical Societies, dirigido pelo Professor Sammi.<br \/><b><br \/><\/b><\/p><p><b>Curso de Microneurocirurgia do Hospital Egas Moniz <br \/><\/b>[ 1993 \u2013 1993 ] <br \/>Unidade de Microcirurgia do Hospital Egas Moniz.<\/p><p>\u00a0<\/p><p>\u00a0<\/p><\/div>\n\t\t\t\t<\/div>\n\t\t\t\t\t\t\t<div class=\"elementor-toggle-item\">\n\t\t\t\t\t<div id=\"elementor-tab-title-1663\" class=\"elementor-tab-title\" data-tab=\"3\" role=\"button\" aria-controls=\"elementor-tab-content-1663\" aria-expanded=\"false\">\n\t\t\t\t\t\t\t\t\t\t\t\t<span class=\"elementor-toggle-icon elementor-toggle-icon-left\" aria-hidden=\"true\">\n\t\t\t\t\t\t\t\t\t\t\t\t\t\t\t<span class=\"elementor-toggle-icon-closed\"><i class=\"fas fa-caret-right\"><\/i><\/span>\n\t\t\t\t\t\t\t\t<span class=\"elementor-toggle-icon-opened\"><i class=\"elementor-toggle-icon-opened fas fa-caret-up\"><\/i><\/span>\n\t\t\t\t\t\t\t\t\t\t\t\t\t<\/span>\n\t\t\t\t\t\t\t\t\t\t\t\t<a class=\"elementor-toggle-title\" tabindex=\"0\">COMUNICA\u00c7\u00d5ES CIENTIFICAS - AUTOR <\/a>\n\t\t\t\t\t<\/div>\n\n\t\t\t\t\t<div id=\"elementor-tab-content-1663\" class=\"elementor-tab-content elementor-clearfix\" data-tab=\"3\" role=\"region\" aria-labelledby=\"elementor-tab-title-1663\"><p><b>Lombar Endoscopy <br \/><\/b>[ 12\/2021 \u2013 12\/2021 ] <br \/>KYIV Endoscopic Spine Surgery Course<br \/>International Society of Unilateral Biportal Endoscopy<br \/>2021 Webinar,Ukraine<br \/>December 16th 2021<\/p><p><br \/><b>Tratamento de Tumores Cerebrais com Radiocirurgia <br \/><\/b>[ 2020 \u2013 2020 ] <br \/>1\u00aa edi\u00e7\u00e3o da OPorto Biomedical Summit,Abril 2020<\/p><p><br \/><b>Congresso Nacional da Sociedade Portuguesa de Neurocirurgia <br \/><\/b>[ 09\/2020 \u2013 09\/2020 ] <br \/>Moderador<br \/>T\u00e9cnicas Cir\u00fargicas (Video)<\/p><p><br \/><b>Indica\u00e7\u00f5es na Cirurgia Coluna: Robotiza\u00e7\u00e3o <br \/><\/b>[ 2019 \u2013 2019 ] <br \/>36\u00ba Congresso da Sociedade Portuguesa de Neurocirurgia<\/p><p><br \/><b>VIII congresso Sociedade portuguesa de patologia coluna vertebral <br \/><\/b>[ 2019 \u2013 2019 ] <br \/>Moderador<br \/>Best Oral Communications<\/p><p><br \/><b>V Congresso Internacional de Cuidados Intensivos e Unidades Interm\u00e9dias. <br \/><\/b>[ 2018 \u2013 2018 ] <br \/>Moderador<br \/>Hemorragia intracerebral<\/p><p><br \/><b>Curso Avan\u00e7ado de Cefaleias-Tratamento Cir\u00fargico Nevralgia do Trig\u00e9meo <br \/><\/b>[ 09\/2017 \u2013 09\/2017 ] <br \/>CHUP<\/p><p><br \/><b>10 Anos de Experi\u00eancia no Tratamento das Met\u00e1stases Cranianas com Radiocirurgia <br \/><\/b>[ 2015 \u2013 2015 ] <br \/>31\u00baCongresso Nacional de Neurocirurgia<\/p><p><br \/><b>Ozono Intradiscal <br \/><\/b>[ 11\/2015 \u2013 11\/2015 ] <br \/>IV Jornadas Internacionais Da Sociedade Portuguesa De Ozonoterapia E Iii Curso Te\u00f3rico- Pr\u00e1tico<\/p><p>\u00a0<\/p><p><b>Espondilodiscite Dorsal em Doente Hemodialisado\u00a0<\/b><\/p><p>[ 05\/2002 \u2013 05\/2002 ]\u00a0<\/p><p>Caso cl\u00ednico apresentado nas jornadas de Medicina Interna do HGSA.<\/p><p>\u00a0<\/p><p><b>Traumatologia Cr\u00e2nioencef\u00e1lica (Resolu\u00e7\u00e3o de tr\u00eas casos clinicos)\u00a0<\/b><\/p><p>[ 03\/2002 \u2013 03\/2002 ]\u00a0<\/p><p>Comunica\u00e7\u00e3o apresentada no VI Curso Portugu\u00eas de Neurocirurgia.<\/p><p>\u00a0<\/p><p><b>Traumatizados Cranioencef\u00e1licos\u00a0<\/b><\/p><p>[ 02\/2001 \u2013 02\/2001 ]\u00a0<\/p><p>Palestra no &#8220;Col\u00f3quio&#8221; da Preven\u00e7\u00e3o Rodovi\u00e1ria Portuguesa na Comemora\u00e7\u00e3o dos 25 anos da Associa\u00e7\u00e3o\u00a0<span style=\"color: var( --e-global-color-text );\">Humanit\u00e1ria dos Bombeiros Volunt\u00e1rios da Trofa em Fevereiro de 2001.<\/span><\/p><p>\u00a0<\/p><p><b>Cirurgia da Base do Cr\u00e2nio, uma Cirurgia Multidisciplinar\u00a0<\/b><\/p><p>[ 11\/1999 \u2013 11\/1999 ]\u00a0<\/p><p>X Reuni\u00e3o da Sociedade Portuguesa de Neurocirurgia, Sintra.<\/p><p>\u00a0<\/p><p><b>Controv\u00e9rsias Terap\u00eauticas na MEC\u00a0<\/b><\/p><p>[ 03\/1999 \u2013 03\/1999 ]\u00a0<\/p><p>III Curso Portugu\u00eas de Neurocirurgia<\/p><p>\u00a0<\/p><p><b>Aneurismas da Art\u00e9ria Car\u00f3tida Oftalmica\u00a0<\/b><\/p><p>[ 05\/1995 \u2013 05\/1995 ]\u00a0<\/p><p>XLVI Reuni\u00e3o da Sociedade Luso-Espanhola de Neurocirurgia, Vilamoura.<\/p><p>\u00a0<\/p><p><b>H\u00e9rnias discais Cervicais\u00a0<\/b><\/p><p>[ 11\/1994 \u2013 11\/1994 ]\u00a0<\/p><p>I Congresso Internacional de Macau de Neurocirurgia &#8211;\u00a0<span style=\"color: var( --e-global-color-text );\">Reuni\u00e3o Anual Da Sociedade Portuguesa de Neurocirurgia, Macau.<\/span><\/p><p>\u00a0<\/p><p><b>Osteoblastoma Benigno Temporo-Basal\u00a0<\/b><\/p><p>[ 10\/1993 \u2013 10\/1993 ]\u00a0<\/p><p>1\u00ba Congresso da Sociedade de Neurocirurgia, Porto.<\/p><p>\u00a0<\/p><\/div>\n\t\t\t\t<\/div>\n\t\t\t\t\t\t\t<div class=\"elementor-toggle-item\">\n\t\t\t\t\t<div id=\"elementor-tab-title-1664\" class=\"elementor-tab-title\" data-tab=\"4\" role=\"button\" aria-controls=\"elementor-tab-content-1664\" aria-expanded=\"false\">\n\t\t\t\t\t\t\t\t\t\t\t\t<span class=\"elementor-toggle-icon elementor-toggle-icon-left\" aria-hidden=\"true\">\n\t\t\t\t\t\t\t\t\t\t\t\t\t\t\t<span class=\"elementor-toggle-icon-closed\"><i class=\"fas fa-caret-right\"><\/i><\/span>\n\t\t\t\t\t\t\t\t<span class=\"elementor-toggle-icon-opened\"><i class=\"elementor-toggle-icon-opened fas fa-caret-up\"><\/i><\/span>\n\t\t\t\t\t\t\t\t\t\t\t\t\t<\/span>\n\t\t\t\t\t\t\t\t\t\t\t\t<a class=\"elementor-toggle-title\" tabindex=\"0\">COMUNICA\u00c7\u00d5ES CIENTIFICAS - CO - AUTOR <\/a>\n\t\t\t\t\t<\/div>\n\n\t\t\t\t\t<div id=\"elementor-tab-content-1664\" class=\"elementor-tab-content elementor-clearfix\" data-tab=\"4\" role=\"region\" aria-labelledby=\"elementor-tab-title-1664\"><p><b>Clinical Impact of Lamina Terminalis Opening in Anterior Communicating Artery Aneurysms\u00a0<\/b><b style=\"color: var( --e-global-color-text );\">Following Subarachnoid Hemorrhage: A Single Center Experience<\/b><\/p><p>Poster &#8211; S\u00e9rgio Sousa; Armindo Fernandes; Filipe Vaz Da Silva; S\u00e9rgio Moreira; Rui Rangel; M\u00e1rio Gomes; Alfredo Calheiros &#8211; EANS 2021, Hamburg, Virtual Congress due to Covid 19 pandemia.<\/p><p>\u00a0<\/p><p><b>Functional Results of Vestibular Schwannoma Surgery: Eight-Year Experience from a Single\u00a0Center <br \/><\/b>Poster &#8211; S\u00e9rgio Sousa, Vasco S\u00e1 Pinto, Filipe Vaz da Silva, Jo\u00e3o Monteiro Silva, Rui Rangel, Alfredo Calheiros &#8211; EANS 2021, Hamburg, Virtual Congress due to Covid 19 pandemic.<\/p><p><br \/><b>Impact of an Early Mobilization Protocol on the Reduction of Medical Complications After Surgery for Chronic Subdural Hematoma &#8211; Get-Up Randomized Clinical Trial Interim 1-Year<br \/><\/b>Review &#8211; 2021 &#8211; S\u00e9rgio Sousa, Vasco S\u00e1 Pinto, Filipe Vaz da Silva, Tiago Costa, Armindo Pic\u00e3o, Rui Rangel, Alfredo Calheiros and collaborators. Congress of Neurological Surgeons, Austin, Estados Unidos da Am\u00e9rica.<\/p><p><br \/><b>Aneurismas da Art\u00e9ria Comunicante Anterior: A Orienta\u00e7\u00e3o Define o Progn\u00f3stico? <br \/><\/b>[ 2021 \u2013 2021 ] &#8211; S\u00e9rgio Sousa; Armindo Fernandes; Vasco S\u00e1 Pinto; Filipe Vaz Da Silva; Rodrigo Batata ; S\u00e9rgio Moreira; Rui Rangel; M\u00e1rio Gomes; Alfredo Calheiros.O 36\u00ba Congresso Nacional da Sociedade Portuguesa de Neurocirurgia &#8211; Back to Basics, Porto, Portugal.<br \/><br \/><\/p><p><b>Sciwora <br \/><\/b>[ 2021 \u2013 2021 ] &#8211; Poster &#8211; Relato do primeiro caso no Centro Hospitalar Universit\u00e1rio do Porto &#8211; Costa, T.Silva,, Calheiros, A. &#8211; 36\u00ba Congresso Nacional da Sociedade Portuguesa de Neurocirurgia \u2013 09-09-2021 \u2013 Porto.<\/p><p><br \/><b>Arterial Hypertension Independently Predicts Recurrence After Surgery for Trigeminal Neuralgia: May a Modifiable Risk Factor Be a Key Component? <br \/><\/b>Poster &#8211; S\u00e9rgio Sousa, Vasco S\u00e1 Pinto, Rui Rangel, Alfredo Calheiros &#8211; EANS 2021, Hamburg, Virtual Congress due to Covid 19 pandemic.<\/p><p><br \/><b>GLIA \u2013 O Novo Standard da Referencia\u00e7\u00e3o de Patologia Lombar Cr\u00f3nica. <br \/><\/b>[ 2021 \u2013 2021 ] &#8211;\u00a0<span style=\"color: var( --e-global-color-text );\">Filipe Vaz da Silva, Tiago Costa, Vasco S\u00e1 Pinto, S\u00e9rgio Sousa, Armindo Pic\u00e3o Fernandes1, Joaquim Reis1, Alfredo <\/span><span style=\"color: var( --e-global-color-text );\">Calheiros. 36\u00ba Congresso Nacional da Sociedade Portuguesa de Neurocirurgia \u2013 \u201cBack to Basics&#8221;.<\/span><\/p><p>\u00a0<\/p><p><b>Outcome e Complica\u00e7\u00f5es Associadas \u00e0 Coloca\u00e7\u00e3o de Estimulador do Nervo Vago na Epilepsia\u00a0<\/b><b style=\"color: var( --e-global-color-text );\">Refrat\u00e1ria.\u00a0<\/b><\/p><p>[ 2021 \u2013 2021 ] &#8211; V<span style=\"color: var( --e-global-color-text );\">asco S\u00e1 Pinto, S\u00e9rgio Sousa, Rui Rangel, Joaquim Reis, Alfredo Calheiros &#8211;\u00a0<\/span><span style=\"color: var( --e-global-color-text );\">Congresso Nacional da Sociedade Portuguesa de Neurocirurgia \u2013 \u201cBack to Basics\u201d.<\/span><\/p><p>\u00a0<\/p><p><b>A Case Report of an Unusual Agent of CNS Cryptococcosis Mimicking a Glioma\u00a0<\/b><\/p><p>[ 2021 \u2013 2021 ] &#8211;\u00a0<span style=\"color: var( --e-global-color-text );\">Poster &#8211;\u00a0<\/span><span style=\"color: var( --e-global-color-text );\">Costa, T.,Lobato, M., Vasconcelos, O., Silva, E. e Calheiros, A. &#8211;\u00a0<\/span><span style=\"color: var( --e-global-color-text );\">EANS 2021 \u2013 European Association of Neurosurgical Societes, Hamburg 2021.<\/span><\/p><p>\u00a0<\/p><p><b>Experi\u00eancia Inicial com Termoabla\u00e7\u00e3o Intersticial por Laser com Neuronavega\u00e7\u00e3o Assistida por\u00a0<\/b><b style=\"color: var( --e-global-color-text );\">O-ARM\u00ae em Tumores Cerebrais Malignos\u00a0<\/b><\/p><p>[ 2021 \u2013 2021 ] &#8211;\u00a0<span style=\"color: var( --e-global-color-text );\">Vasco S\u00e1 Pinto1; Filipe Vaz Da Silva1; Eduardo Procaci1; Carla Silva1; Alfredo Calheiros1 &#8211;\u00a0<\/span><span style=\"color: var( --e-global-color-text );\">35\u00ba Congresso da Sociedade Portuguesa de Neurocirurgia.<\/span><\/p><p><b>\u00a0<\/b><\/p><p><b>Aneurysmal Subarachnoid Hemorrhage: The Advantage of Being the Fittest. A Single Center\u00a0<span style=\"color: var( --e-global-color-text );\">Retrospective Study\u00a0<\/span><\/b><\/p><p>[ 2021 \u2013 2021 ] &#8211;\u00a0<span style=\"color: var( --e-global-color-text );\">S\u00e9rgio Sousa, Armindo Pic\u00e3o Fernandes, Vasco S\u00e1 Pinto, Rodrigo Batata,S\u00e9rgio Moreira, Rui Rangel, M\u00e1rio\u00a0<\/span><span style=\"color: var( --e-global-color-text );\">Gomes, Alfredo Calheiros &#8211;\u00a0<\/span><span style=\"color: var( --e-global-color-text );\">8 th Annual EANS Vascular Section Meeting.<\/span><\/p><p>\u00a0<\/p><p><b>Shaken Baby Syndrome\u00a0<\/b><\/p><p>[ 2021 \u2013 2021 ] &#8211;\u00a0<span style=\"color: var( --e-global-color-text );\">Poster &#8211;\u00a0<\/span><span style=\"color: var( --e-global-color-text );\">A case report of a harsh reality &#8211; Costa, T. Silva, F., Tizziani, M.,Ribeiro, I. e Calheiros, A. \u2013\u00a0<\/span><span style=\"color: var( --e-global-color-text );\">EANS 2021 \u2013 European Association of Neurosurgical Societes. Hamburg 2021.<\/span><\/p><p>\u00a0<\/p><p><b>Associa\u00e7\u00e3o entre Cefaleia \u00e0 Apresenta\u00e7\u00e3o nos Hematomas Subdurais Cr\u00f3nicos e um Bom\u00a0<span style=\"color: var( --e-global-color-text );\">Progn\u00f3stico: Porqu\u00ea?\u00a0<\/span><\/b><\/p><p>[ 11\/2021 \u2013 11\/2021 ] &#8211;\u00a0<span style=\"color: var( --e-global-color-text );\">Poster &#8211;\u00a0<\/span><span style=\"color: var( --e-global-color-text );\">Batata R, Sousa S, Pinto V, Silva FV, Costa T, Fernandes AP, Calheiros AL, Cunha EP. &#8211;\u00a0<\/span><span style=\"color: var( --e-global-color-text );\">36\u00ba Congresso Nacional da Sociedade Portuguesa de Neurocirurgia (SPNC), nos dias 9 a 11 de setembro de 2021.<\/span><\/p><p><b>\u00a0<\/b><\/p><p><b>Epidemiology of Craniosynostosis in a Portuguese Center (CRASY)\u00a0<\/b><\/p><p>[ 2021 \u2013 2021 ] &#8211;\u00a0<span style=\"color: var( --e-global-color-text );\">Poster &#8211;\u00a0<\/span><span style=\"color: var( --e-global-color-text );\">Costa, T. Silva, F., Tizziani,M., Ribeiro, I. e Calheiros, A. \u2013\u00a0<\/span><span style=\"color: var( --e-global-color-text );\">EANS 2021 \u2013 European Association of Neurosurgical Societes, Hamburg 2021.<\/span><\/p><p><b>\u00a0<\/b><\/p><p><b>A. Escala Vasograde: Um Bom Preditor de Isquemia Cerebral Tardia em Doentes com\u00a0<\/b><b style=\"color: var( --e-global-color-text );\">Hemorragia Subaracno\u00eddea Aneurism\u00e1tica?\u00a0<\/b><\/p><p>Fernandes AP, Sousa S, Silva FV, Reis J, Gomes M, Moreira S, Calheiros &#8211;\u00a0<span style=\"color: var( --e-global-color-text );\">36\u00ba Congresso da Sociedade Portuguesa de Neurocirurgia \u2013 \u201cBack to Basis\u201d.<\/span><\/p><p><b>\u00a0<\/b><\/p><p><b>Resultados Funcionais Da Cirurgia de Ressec\u00e7\u00e3o de Schwannomas Vestibulares: 7 anos de\u00a0<span style=\"color: var( --e-global-color-text );\">Experi\u00eancia de um Centro\u00a0<\/span><\/b><\/p><p>[ 2020 \u2013 2020 ] &#8211;\u00a0<span style=\"color: var( --e-global-color-text );\">Poster &#8211;\u00a0\u00a0<\/span><span style=\"color: var( --e-global-color-text );\">S\u00e9rgio Sousa, Vasco S\u00e1 Pinto, Jo\u00e3o Monteiro Silva, Filipe Vaz da Silva, Alfredo Calheiros, Rui Rangel &#8211;\u00a0<\/span><span style=\"color: var( --e-global-color-text );\">O 36\u00ba Congresso Nacional da Sociedade Portuguesa de Neurocirurgia,\u00a0<\/span><span style=\"color: var( --e-global-color-text );\">Congresso Virtual devido \u00e0 Pandemia Covid 19, Dezembro 2020.<\/span><\/p><p>\u00a0<\/p><p><b>Initial Experience of an O-Arm\u2122-Based Neuronavigated Laser Interstitial Thermal Therapy for\u00a0<span style=\"color: var( --e-global-color-text );\">Malignant Brain Tumors\u00a0<\/span><\/b><\/p><p>[ 2020 \u2013 2020 ] &#8211;\u00a0<span style=\"color: var( --e-global-color-text );\">Poster &#8211;\u00a0<\/span><span style=\"color: var( --e-global-color-text );\">Vasco Pinto, S\u00e9rgio Sousa, Eduardo Cunha, Carla Silva, Alfredo Calheiros. &#8211;\u00a0<\/span><span style=\"color: var( --e-global-color-text );\">XXIV Congress of the European Society for Stereotactic and Functional Neurosurgery. Marselha , Setembro 2020.\u00a0<\/span><\/p><p><span style=\"color: var( --e-global-color-text );\">\u00a0<\/span><\/p><p><span style=\"color: var( --e-global-color-text );\"><b>Initial Experience of an O-Arm\u2122-Based Neuronavigated and Vertek\u2122-Assisted Stereo-Electroencephalography for Drug-Resistant Epilepsy\u00a0<\/b><\/span><\/p><p>[ 2020 \u2013 2020 ] &#8211;\u00a0<span style=\"color: var( --e-global-color-text );\">Vasco Pinto, S\u00e9rgio Sousa, Eduardo Cunha, Carla Silva, Rui Rangel, Alfredo Calheiros. &#8211;\u00a0<\/span><span style=\"color: var( --e-global-color-text );\">XXIV Congress of the European Society for Stereotactic and Functional Neurosurgery. Marselha , Setembro 2020.<\/span><\/p><p><b>\u00a0<\/b><\/p><p><b>Remo\u00e7\u00e3o Supratotal no Glioblastoma: Abordagem com Vantagem na Sobreviv\u00eancia em Tumores\u00a0<\/b><b style=\"color: var( --e-global-color-text );\">n\u00e3o Eloquentes\u00a0<\/b><\/p><p>[ 2020 \u2013 2020 ] &#8211;\u00a0<span style=\"color: var( --e-global-color-text );\">Noronha C, Pinto C, Silva E, Calheiros A &#8211;\u00a0<\/span><span style=\"color: var( --e-global-color-text );\">Reuni\u00e3o Nacional da Sociedade Portuguesa de Neurocirurgia 2020.<\/span><\/p><p>\u00a0<\/p><p><b>Express\u00e3o de PD-L1 no Glioblastoma: Correla\u00e7\u00e3o com Restri\u00e7\u00e3o \u00e0 Difus\u00e3o e Impacto Progn\u00f3stico\u00a0<\/b><\/p><p>[ 2020 \u2013 2020 ] &#8211;\u00a0<span style=\"color: var( --e-global-color-text );\">Noronha C, Reis J, Calheiros A, Faria C, Paredes J &#8211;\u00a0<\/span><span style=\"color: var( --e-global-color-text );\">Reuni\u00e3o Nacional da Sociedade Portuguesa de Neurocirurgia 2020.<\/span><\/p><p><b>\u00a0<\/b><\/p><p><b>Amigdalo-Hipocampectomia Selectiva por via Transsilviana &#8211; A Prop\u00f3sito de uma Les\u00e3o\u00a0<span style=\"color: var( --e-global-color-text );\">Epileptog\u00e9nica Video-Cir\u00fargico)\u00a0<\/span><\/b><\/p><p>[ 2020 \u2013 2020 ] &#8211;\u00a0<span style=\"color: var( --e-global-color-text );\">REUNIAO SPNC 2020 &#8211;\u00a0<\/span><span style=\"color: var( --e-global-color-text );\">Jo\u00e3o Monteiro Silva1; S\u00e9rgio Moreira1; Alfredo Calheiros.<\/span><\/p><p><b>\u00a0<\/b><\/p><p><b>Resultados aos Cinco Anos da Estimula\u00e7\u00e3o do Nervo Vago na Epilepsia Refrat\u00e1ria: A Cirurgia\u00a0<span style=\"color: var( --e-global-color-text );\">mais Precoce Associa-se a Melhor Controlo de Crises\u00a0<\/span><\/b><\/p><p>[ 2020 \u2013 2020 ] &#8211;\u00a0<span style=\"color: var( --e-global-color-text );\">Vasco Pinto 1 , In\u00eas Laranjinha 2 , S\u00e9rgio Sousa 1 , Jo\u00e3o Chaves 2 , Rui Rangel 1 , Alfredo Calheiros 1. &#8211;\u00a0<\/span><span style=\"color: var( --e-global-color-text );\">35\u00ba Congresso Nacional da Sociedade Portuguesa de Neurocirurgia.<\/span><\/p><p><b>\u00a0<\/b><\/p><p><b>An\u00e1lise do Outcome Cl\u00ednico e da Sobrevida em Fun\u00e7\u00e3o da Idade de Doentes com Hemorragia\u00a0<span style=\"color: var( --e-global-color-text );\">subaracno\u00eddea Aneurism\u00e1tica Submetidos a Tratamento Cir\u00fargico.\u00a0<\/span><\/b><\/p><p>[ 2020 \u2013 2020 ] &#8211;\u00a0<span style=\"color: var( --e-global-color-text );\">Poster &#8211;\u00a0<\/span><span style=\"color: var( --e-global-color-text );\">Fernandes AP, Sousa S, Silva FV, Silva JM, Reis J, Gomes M, Calheiros AL, Moreira S.\u00a0<\/span><span style=\"color: var( --e-global-color-text );\">Reuni\u00e3o Nacional da Sociedade Portuguesa de Neurocirurgia 2020.<\/span><\/p><p><b>\u00a0<\/b><\/p><p><b>Cervical Dermal Sinus Tract: A Case Report of a Rare Entity\u00a0<\/b><\/p><p>[ 10\/2020 \u2013 10\/2020 ] &#8211;\u00a0<span style=\"color: var( --e-global-color-text );\">Poster &#8211;\u00a0<\/span><span style=\"color: var( --e-global-color-text );\">S\u00e9rgio Sousa, Filipe Vaz da Silva, M\u00e1rcia Tizziani, Rui Rangel, Alfredo Calheiros, Isabel Ribeiro. &#8211;\u00a0<\/span><span style=\"color: var( --e-global-color-text );\">EANS (European Association of Neurosurgical Societies) 2020. &#8211;\u00a0<\/span><span style=\"color: var( --e-global-color-text );\">Congresso Virtual devido \u00e0 Pandemia Covid 19, Outubro 2020.<\/span><\/p><p><b>\u00a0<\/b><\/p><p><b>Multiple Myeloma Presenting as a Recurrent Chronic Subdural Hematoma: Case Report of an\u00a0<span style=\"color: var( --e-global-color-text );\">Extremely Rare Presentation\u00a0<\/span><\/b><\/p><p>[ 10\/2020 \u2013 10\/2020 ] &#8211;\u00a0<span style=\"color: var( --e-global-color-text );\">Poster &#8211;\u00a0<\/span><span style=\"color: var( --e-global-color-text );\">S\u00e9rgio Sousa, Tiago Ribeiro da Costa, Rui Rangel, Alfredo Calheiros &#8211;\u00a0<\/span><span style=\"color: var( --e-global-color-text );\">EANS (European Association of Neurosurgical Societies) 2020,\u00a0<\/span><span style=\"color: var( --e-global-color-text );\">Congresso Virtual devido \u00e0 pandemia Covid 19, Outubro 2020.<\/span><\/p><p><b>\u00a0<\/b><\/p><p><b>Impact Of An Early Mobilization Protocol On The Reduction Of Medical Complications After\u00a0<span style=\"color: var( --e-global-color-text );\">Surgery For Chronic Subdural Hematoma \u2013 Get-Up Randomized Prospective Trial Preliminary\u00a0<\/span><span style=\"color: var( --e-global-color-text );\">Results\u00a0<\/span><\/b><\/p><p>[ 09\/2020 \u2013 09\/2020 ] &#8211;\u00a0<span style=\"color: var( --e-global-color-text );\">S\u00e9rgio Sousa, Vasco S\u00e1 Pinto, Filipe Vaz da Silva, Tiago Costa, Armindo Fernandes, Rui Rangel, Alfredo Calheiros &#8211;\u00a0<\/span><span style=\"color: var( --e-global-color-text );\">Congress of Neurological Surgeons, Miami, Estados Unidos da Am\u00e9rica &#8211;\u00a0<\/span><span style=\"color: var( --e-global-color-text );\">(congresso cancelado devido \u00e0 pandemia Covid 19). Setembro 2020.\u00a0<\/span><span style=\"color: var( --e-global-color-text );\">Apresenta\u00e7\u00e3o oral em formato v\u00eddeo. V\u00eddeo executado pela equipa do museu FC Porto.<\/span><\/p><p><b>\u00a0<\/b><\/p><p><b>Neuroplasticidade na Neurocirurgia &#8211; Gliomas\u00a0<\/b><\/p><p>[ 01\/2020 \u2013 01\/2020 ] &#8211;\u00a0<span style=\"color: var( --e-global-color-text );\">Vasco Pinto 1 , Alfredo Calheiros 1. &#8211;\u00a0<\/span><span style=\"color: var( --e-global-color-text );\">2\u00ba Congresso Internacional de Enfermagem de Reabilita\u00e7\u00e3o\/10\u00ba Congresso Nacional de Enfermagem de\u00a0<\/span><span style=\"color: var( --e-global-color-text );\">Reabilita\u00e7\u00e3o.\u00a0<\/span><span style=\"color: var( --e-global-color-text );\">Viseu, 30 de Janeiro de 2020.<\/span><\/p><p>\u00a0<\/p><p><b>\u201cCirurgia da Epilepsia &#8211; 7 Anos de Experi\u00eancia\u201d:\u00a0<\/b><\/p><p>[ 2019 \u2013 2019 ] &#8211;\u00a0<span style=\"color: var( --e-global-color-text );\">S. Sousa , V. S\u00e1 Pinto 1 , D.Pereira 2 , M. Mendes 3 , R. Rangel 1 , A. Calheiros &#8211;\u00a0<\/span><span style=\"color: var( --e-global-color-text );\">35\u00ba Congresso Nacional da Sociedade Portuguesa de Neurocirurgia, Lisboa.<\/span><\/p><p>Les\u00e3o Captante e com Restri\u00e7\u00e3o \u00e0 Difus\u00e3o como Alvos na Remo\u00e7\u00e3o no Glioblastoma.\u00a0\u00a0<span style=\"color: var( --e-global-color-text );\">Noronha C, Pinto C, Ramos C, Silva E, Taipa R, Calheiros A\u00a0<\/span><span style=\"color: var( --e-global-color-text );\">35\u00ba Congresso da Sociedade Portuguesa de Neurocirurgia.<\/span><\/p><p>\u00a0<\/p><p><b>\u201cEpilepsy Surgery: Eight Year Follow-Up from a Single Center\u201d\u00a0<\/b><\/p><p>[ 2019 \u2013 2019 ] &#8211;\u00a0<span style=\"color: var( --e-global-color-text );\">Poster &#8211;\u00a0<\/span><span style=\"color: var( --e-global-color-text );\">S\u00e9rgio Sousa\u00b9, Vasco S\u00e1 Pinto \u00b9, DiogoPereira \u00b2, Michel Mendes \u00b3, Rui Rangel \u00b9, Alfredo Calheiros &#8211;\u00a0<\/span><span style=\"color: var( --e-global-color-text );\">WFNS (World Federation of Neurosurgical Societies) Special Congress,\u00a0<\/span><span style=\"color: var( --e-global-color-text );\">Beijing, China (Congresso n\u00e3o presencial).<\/span><\/p><p>\u00a0<\/p><p><b>\u201cEpilepsy Surgery &#8211; Multiple Strategies for a Multifaceted Disease: A Single Center Experience\u201d\u00a0<\/b><\/p><p>[ 2019 \u2013 2019 ] &#8211;\u00a0<span style=\"color: var( --e-global-color-text );\">S. Sousa , V. S\u00e1 Pinto ,D. Pereira , M. Mendes , R. Rangel , A. Calheiros E\u00a0<\/span><span style=\"color: var( --e-global-color-text );\">ANS (European Association of Neurosurgical Societies) 2019,\u00a0<\/span><span style=\"color: var( --e-global-color-text );\">Dublin, Irlanda.<\/span><\/p><p>\u00a0<\/p><p><b>Ser\u00e1 a Multifocalidade um Marcador de Agressividade Tumoral?\u00a0<\/b><\/p><p>[ 2019 \u2013 2019 ] &#8211;\u00a0<span style=\"color: var( --e-global-color-text );\">Noronha C, Pinto C, Ramos C, Taipa R, Paredes J, Faria C, Reis J, Calheiros A\u00a0<\/span><span style=\"color: var( --e-global-color-text );\">35\u00ba Congresso da Sociedade Portuguesa de Neurocirurgia.<\/span><\/p><p>\u00a0<\/p><p><b>Infe\u00e7\u00e3o na Loca Cir\u00fargica: Qual a Sensibilidade da Tomografia com Contraste no Diagn\u00f3stico?\u00a0<\/b><\/p><p>[ 2019 \u2013 2019 ] &#8211;\u00a0<span style=\"color: var( --e-global-color-text );\">Noronha C, Pinto C, Ramos C, Silva E, Calheiros A &#8211;\u00a0<\/span><span style=\"color: var( --e-global-color-text );\">35\u00ba Congresso da Sociedade Portuguesa de Neurocirurgia.<\/span><\/p><p>\u00a0<\/p><p><b>Multiple Sclerosis and Glioblastoma: Concomitant or Consequent? A Case Report and Review of\u00a0<span style=\"color: var( --e-global-color-text );\">the Literature.<\/span><\/b><\/p><p>[ 2019 \u2013 2019 ] &#8211;\u00a0<span style=\"color: var( --e-global-color-text );\">Poster\u00a0 &#8211;\u00a0<\/span><span style=\"color: var( --e-global-color-text );\">Vasco Pinto 1 , Carla Silva 1 , Alfredo Calheiros 1. &#8211;\u00a0<\/span><span style=\"color: var( --e-global-color-text );\">19 th European Congress of Neurosurgery.\u00a0<\/span><span style=\"color: var( --e-global-color-text );\">Dublin, 24 a 28 de Setembro de 2019.<\/span><\/p><p>\u00a0<\/p><p><b>Neuropsicologia na Neurocirurgia.<\/b><\/p><p>[ 2019 \u2013 2019 ] &#8211;\u00a0<span style=\"color: var( --e-global-color-text );\">Vasco Pinto , Alfredo Calheiros 1\u00a0<\/span><span style=\"color: var( --e-global-color-text );\">Ciclo de Confer\u00eancias \u201cUnidade de Neuropsicologia: 10 anos\u201d, NeuroPorto \u2013 Sess\u00e3o do Solst\u00edcio de Inverno 2019.<\/span><\/p><p>\u00a0<\/p><p><b>Impacto do Levante Precoce P\u00f3s-Operat\u00f3rio na Redu\u00e7\u00e3o de Complica\u00e7\u00f5es M\u00e9dicas no\u00a0<span style=\"color: var( --e-global-color-text );\">Hematoma Subdural Cr\u00f3nico: Resultados Preliminares do Ensaio Cl\u00ednico Randomizado GET-UP.\u00a0<\/span><\/b><\/p><p>[ 10\/2019 \u2013 10\/2019 ] &#8211;\u00a0<span style=\"color: var( --e-global-color-text );\">Vasco Pinto , S\u00e9rgio Sousa, Filipe Vaz da Silva 1, Tiago Costa 1, Miguel Ferreira 1 , Eduardo Cunha 1 , Lu\u00eds Rocha 1<\/span><span style=\"color: var( --e-global-color-text );\">, Gon\u00e7alo Figueiredo 1 , Jo\u00e3o Silva 1 , Carolina Noronha 1 , Alfredo Calheiros 1. &#8211;\u00a0<\/span><span style=\"color: var( --e-global-color-text );\">XXIII Curso de Neurocirurgia da Sociedade Portuguesa de Neurocirurgia. Curia, 25 de Outubro de 2019.<\/span><\/p><p><b>\u00a0<\/b><\/p><p><b>Epithelioid Glioblastoma: (Not Always) Worse than the Worst.\u00a0<\/b><\/p><p>[ 09\/2019 \u2013 09\/2019 ] &#8211;\u00a0<span style=\"color: var( --e-global-color-text );\">Poster &#8211;\u00a0\u00a0<\/span><span style=\"color: var( --e-global-color-text );\">Vasco Pinto 1 , Carla Silva 1 , Alfredo Calheiros 1.\u00a0<\/span><span style=\"color: var( --e-global-color-text );\">19 th European Congress of Neurosurgery.\u00a0<\/span><span style=\"color: var( --e-global-color-text );\">Dublin, 24 a 28 de Setembro de 2019.<\/span><\/p><p>\u00a0<\/p><p><b>Reclassification After Regrowth: A Case Report of a Diffuse Midline Glioma, H3 K27M- Mutant.\u00a0<\/b><\/p><p>[ 09\/2019 \u2013 09\/2019 ]\u00a0\u00a0<span style=\"color: var( --e-global-color-text );\">Poster &#8211;\u00a0<\/span><span style=\"color: var( --e-global-color-text );\">Vasco Pinto 1 , Joaquim Reis 1 , Alfredo Calheiros 1.\u00a0<\/span><span style=\"color: var( --e-global-color-text );\">19 th European Congress of Neurosurgery.\u00a0<\/span><span style=\"color: var( --e-global-color-text );\">Dublin, 24 a 28 de Setembro de 2019.<\/span><\/p><p>\u00a0<\/p><p><b>Two-Year Outcomes of Vagus Nerve Stimulation for Drug-Resistant Epilepsy: Longer Intervals\u00a0<\/b><b style=\"color: var( --e-global-color-text );\">from Disease Onset to Surgery are Associated with Worse Outcomes.\u00a0<\/b><\/p><p>[ 03\/2019 \u2013 03\/2019 ] &#8211;\u00a0<span style=\"color: var( --e-global-color-text );\">Poster &#8211;\u00a0\u00a0<\/span><span style=\"color: var( --e-global-color-text );\">Vasco Pinto , In\u00eas Laranjinha 2 , S\u00e9rgio Sousa 1 , Jo\u00e3o Chaves 2 , Rui Rangel 1 , Alfredo Calheiros 1 .\u00a0<\/span><span style=\"color: var( --e-global-color-text );\">WFNS 2019 International Meeting.\u00a0<\/span><span style=\"color: var( --e-global-color-text );\">Belgrado, 23 de Mar\u00e7o de 2019.<\/span><\/p><p>\u00a0<\/p><p><b>Hematoma Subdural Cr\u00f3nico Bilateral \u2013 Fatores Associados a Reinterven\u00e7\u00e3o Cir\u00fargica e\u00a0<span style=\"color: var( --e-global-color-text );\">Outcome Funcional.\u00a0<\/span><\/b><\/p><p>[ 2018 \u2013 2018 ] &#8211;\u00a0<span style=\"color: var( --e-global-color-text );\">Filipe Vaz da Silva, Joaquim Reis, Alfredo Calheiros &#8211;\u00a0<\/span><span style=\"color: var( --e-global-color-text );\">34\u00ba Congresso Nacional da Sociedade Portuguesa de Neurocirurgia.<\/span><\/p><p>\u00a0<\/p><p><b>Perfil Imagiol\u00f3gico e Progn\u00f3stico no Glioblastoma.\u00a0<\/b><\/p><p>[ 2018 \u2013 2018 ] &#8211;\u00a0<span style=\"color: var( --e-global-color-text );\">Noronha C, Pinto C, Moreira S, Ramos C, Taipa R, Melo Pires M, Faria C, Reis J, Calheiros A.\u00a0\u00a0<\/span><span style=\"color: var( --e-global-color-text );\">34\u00ba Congresso da Sociedade Portuguesa de Neurocirurgia.<\/span><\/p><p><b>\u00a0<\/b><\/p><p><b>Estimula\u00e7\u00e3o do Nervo Vago na Epilepsia Refrat\u00e1ria: Resultados aos Dois Anos.\u00a0<\/b><\/p><p>[ 11\/2018 \u2013 11\/2018 ] &#8211;\u00a0<span style=\"color: var( --e-global-color-text );\">Vasco Pinto 1 , In\u00eas Laranjinha 2 , S\u00e9rgio Sousa 1 , Jo\u00e3o Chaves 2 , Rui Rangel 1 , Alfredo Calheiros 1 .\u00a0<\/span><span style=\"color: var( --e-global-color-text );\">XXIII Curso de Neurocirurgia da Sociedade Portuguesa de Neurocirurgia.\u00a0<\/span><span style=\"color: var( --e-global-color-text );\">Curia, 8 a 10 de Novembro de 2018. Comunica\u00e7\u00e3o Oral.<\/span><\/p><p>\u00a0<\/p><p><b>Indica\u00e7\u00f5es e T\u00e9cnicas de Tratamento Neurocir\u00fargico nos Traumatismos Cr\u00e2nio- Encef\u00e1licos.\u00a0<\/b><\/p><p>[ 11\/2018 \u2013 11\/2018 ] &#8211;\u00a0<span style=\"color: var( --e-global-color-text );\">Vasco Pinto , Alfredo Calheiros.\u00a0<\/span><span style=\"color: var( --e-global-color-text );\">Curso de Forma\u00e7\u00e3o Especializada em Traumatismos Cr\u00e2nio-Encef\u00e1licos da Delega\u00e7\u00e3o Norte do Instituto de<\/span><\/p><p>Medicina Legal e Ci\u00eancias Forenses. Porto, 17 de Novembro de 2018.<\/p><p>\u00a0<\/p><p><b>Awake Craniotomy: A Small Center Initial Experience.\u00a0<\/b><\/p><p>[ 10\/2018 \u2013 10\/2018 ] &#8211;\u00a0<span style=\"color: var( --e-global-color-text );\">Poster &#8211;\u00a0<\/span><span style=\"color: var( --e-global-color-text );\">Vasco Pinto 1 , Carla Silva 1 , Elsa Silva 1 , Joaquim Reis 1 , Alfredo Calheiros 1.\u00a0<\/span><span style=\"color: var( --e-global-color-text );\">18 th European Congress of Neurosurgery.\u00a0<\/span><span style=\"color: var( --e-global-color-text );\">Bruxelas, 21 a 25 de Outubro de 2018.<\/span><\/p><p><b>\u00a0<\/b><\/p><p><b>Sacroiliac Joint Neuroablation Using Quadrapolar Radiofrequency Lesioning: A Small Center\u00a0<span style=\"color: var( --e-global-color-text );\">Experience.\u00a0<\/span><\/b><\/p><p>[ 10\/2018 \u2013 10\/2018 ] &#8211;\u00a0<span style=\"color: var( --e-global-color-text );\">Poster &#8211;\u00a0\u00a0<\/span><span style=\"color: var( --e-global-color-text );\">Vasco Pinto 1 , Carla Silva 1 , Alfredo Calheiros 1. &#8211;\u00a0<\/span><span style=\"color: var( --e-global-color-text );\">18 th European Congress of Neurosurgery. &#8211;\u00a0<\/span><span style=\"color: var( --e-global-color-text );\">Bruxelas, 21 a 25 de Outubro de 2018.<\/span><\/p><p>\u00a0<\/p><p><b>Microvascular Decompression for Trigeminal Neuralgia: Hypertensive Patients Recur More and\u00a0<span style=\"color: var( --e-global-color-text );\">are Particularly Vulnerable to Longer Surgery Waiting Times.\u00a0<\/span><\/b><\/p><p>[ 09\/2018 \u2013 09\/2018 ] &#8211;\u00a0<span style=\"color: var( --e-global-color-text );\">Poster &#8211;\u00a0<\/span><span style=\"color: var( --e-global-color-text );\">Vasco Pinto 1 , Eduardo Cunha 1 , Carla Silva 1 , Alfredo Calheiros 1.\u00a0<\/span><span style=\"color: var( --e-global-color-text );\">XXIII Congress of the European Society for Stereotactic and Functional Neurosurgery.\u00a0<\/span><span style=\"color: var( --e-global-color-text );\">Edimburgo, 26 a 29 de Setembro de 2018.<\/span><\/p><p>\u00a0<\/p><p><b>Functional Hemispherectomy for Refractory Epilepsy: A Single Center Experience.\u00a0<\/b><\/p><p>[ 09\/2018 \u2013 09\/2018 ] &#8211;\u00a0<span style=\"color: var( --e-global-color-text );\">Poster &#8211;\u00a0<\/span><span style=\"color: var( --e-global-color-text );\">Vasco Pinto , S\u00e9rgio Sousa 1 , Rui Rangel 1 , Alfredo Calheiros 1.\u00a0<\/span><span style=\"color: var( --e-global-color-text );\">XXIII Congress of the European Society for Stereotactic and Functional Neurosurgery.\u00a0<\/span><span style=\"color: var( --e-global-color-text );\">Edimburgo, 26 a 29 de Setembro de 2018.<\/span><\/p><p><b>\u00a0<\/b><\/p><p><b>Hipertens\u00e3o Intracraniana: Craniectomia Vs. Barbit\u00faricos.\u00a0<\/b><\/p><p>[ 04\/2018 \u2013 04\/2018 ] &#8211;\u00a0<span style=\"color: var( --e-global-color-text );\">Vasco Pinto 1 , Alfredo Calheiros 1. &#8211;\u00a0\u00a0<\/span><span style=\"color: var( --e-global-color-text );\">V Congresso Internacional de Cuidados Intensivos e Unidades Interm\u00e9dias.\u00a0<\/span><span style=\"color: var( --e-global-color-text );\">Porto, 16 de Abril de 2018.<\/span><\/p><p><b>\u00a0<\/b><\/p><p><b>Meningeal Haemangiopericytoma: Magnetic Resonance and Histological Correlation: Case\u00a0<span style=\"color: var( --e-global-color-text );\">Report\u00a0<\/span><\/b><\/p><p>[ 2003 \u2013 2003 ] &#8211;\u00a0<span style=\"color: var( --e-global-color-text );\">Bastos Leite, Xavier J., Calheiros A.L., Martins V, Melos Pires, Carvalho E, Cruz &#8211;\u00a0<\/span><span style=\"color: var( --e-global-color-text );\">Poster apresentado no XVII Symposium Neuroradiogicum. Paris.<\/span><\/p><p><b>\u00a0<\/b><\/p><p><b>Craniectomia Descompressiva na Hipertens\u00e3o Intracraniana Associada a Enfartes Isqu\u00e9micos\u00a0<\/b><\/p><p>[ 06\/2002 \u2013 06\/2002 ] &#8211;\u00a0\u00a0<span style=\"color: var( --e-global-color-text );\">P. Somoza, L. Rivas, C. Pinheiro, A.L. Calheiros, E. Carvalho &#8211;\u00a0<\/span><span style=\"color: var( --e-global-color-text );\">XIV Reuni\u00e3o da Sociedade Portuguesa de Neurocirurgia e\u00a0<\/span><span style=\"color: var( --e-global-color-text );\">II Reuni\u00e3o da Sociedade de Neurocirurgia de L\u00edngua Portuguesa. Viseu.<\/span><\/p><p>\u00a0<\/p><p><b>Complica\u00e7\u00f5es das Deriva\u00e7\u00f5es Ventr\u00edculo-Peritoneais na Idade Pedi\u00e1trica\u00a0<\/b><\/p><p>[ 06\/2002 \u2013 06\/2002 ] &#8211;\u00a0<span style=\"color: var( --e-global-color-text );\">Lu\u00eds Rivas, P. Somoza, C. Pinheiro, A.L. Calheiros, I. Ribeiro &#8211;\u00a0<\/span><span style=\"color: var( --e-global-color-text );\">Apresentado na XIV Reuni\u00e3o da Sociedade Portuguesa de Neurocirurgia e\u00a0<\/span><span style=\"color: var( --e-global-color-text );\">II Reuni\u00e3o da Sociedade de Neurocirurgia de L\u00edngua Portuguesa. Viseu.<\/span><\/p><p>\u00a0<\/p><p><b>Espondilodiscites Espont\u00e2neas. Revis\u00e3o de Vinte Casos\u00a0<\/b><\/p><p>[ 1999 \u2013 1999 ] &#8211;\u00a0<span style=\"color: var( --e-global-color-text );\">Joaquim Reis, C. Vasconcelos, Rui Rangel, A.L. Calheiros\u00a0<\/span><span style=\"color: var( --e-global-color-text );\">&#8211; X Reuni\u00e3o da Sociedade Portuguesa de Neurocirurgia. Vilamoura, Sintra.<\/span><\/p><p><b>\u00a0<\/b><\/p><p><b>Hematomas Cerebrais Espont\u00e2neos\u00a0<\/b><\/p><p>[ 06\/1999 \u2013 06\/1999 ] &#8211;\u00a0<span style=\"color: var( --e-global-color-text );\">A. Verdelho, A.L. Calheiros, G. Lopes, M. Gomes, E. Caravalho &#8211;\u00a0\u00a0<\/span><span style=\"color: var( --e-global-color-text );\">IX Reuni\u00e3o da Sociedade Portuguesa de Neurocirurgia.\u00a0<\/span><span style=\"color: var( --e-global-color-text );\">Reuni\u00e3o O da Sociedade da L\u00edngua Portuguesa. Braga.<\/span><\/p><p><b>\u00a0<\/b><\/p><p><b>Tumores dos Ventr\u00edculos Laterais\u00a0<\/b><\/p><p>[ 06\/1995 \u2013 06\/1995 ] &#8211;\u00a0<span style=\"color: var( --e-global-color-text );\">C\u00e9lia Pinheiro A.L. Calheiros, Serafim Para\u00a0<\/span><span style=\"color: var( --e-global-color-text );\">XLVI Reuni\u00e3o da Sociedade Luso &#8211; Espanhola de Neurocirurgia. Vilamoura.<\/span><\/p><p><b>\u00a0<\/b><\/p><p><b>Neurocitomas Centrais\u00a0<\/b><\/p><p>[ 11\/1994 \u2013 11\/1994 ] &#8211;\u00a0<span style=\"color: var( --e-global-color-text );\">C\u00e9lia Pinheiro, A.L. Calheiros, Dora Sim\u00f5es, Serafim Paranho &#8211;\u00a0<\/span><span style=\"color: var( --e-global-color-text );\">I Congresso Internacional de Macau de Neurocirurgia &#8211;\u00a0<\/span><span style=\"color: var( --e-global-color-text );\">Reuni\u00e3o Anual Da Sociedade Portuguesa de Neurocirurgia. Macau.<\/span><\/p><p>\u00a0<\/p><p><b>Hematomas Espont\u00e2neos do Cerebelo\u00a0<\/b><\/p><p>[ 11\/1994 \u2013 11\/1994 ] &#8211;\u00a0<span style=\"color: var( --e-global-color-text );\">Dora Sim\u00f5es, C. Pinheiro, A.L. Calheiros, Rui Rangel, M. Gomes, Isabel Ribeiro, Serafim Paranhos\u00a0 &#8211;\u00a0<\/span><span style=\"color: var( --e-global-color-text );\">Congresso Internacional de Macau de Neurocirurgia Reuni\u00e3o Anual Da Sociedade Portuguesa De Neurocirurgia.\u00a0<\/span><span style=\"color: var( --e-global-color-text );\">Macau.<\/span><\/p><p>\u00a0<\/p><p><b>Traumatismos Cr\u00e2nioencef\u00e1licos em Cuidados Intensivos\u00a0<\/b><\/p><p>[ 05\/1993 \u2013 05\/1993 ] &#8211;\u00a0<span style=\"color: var( --e-global-color-text );\">Casu\u00edstica de um ano.\u00a0<\/span><span style=\"color: var( --e-global-color-text );\">Edite Tom\u00e1s, Artur Alegria, Isabel Ribeiro, A.L. Calheiros &#8211;\u00a0<\/span><span style=\"color: var( --e-global-color-text );\">Congresso de Pediatria.<\/span><\/p><p>\u00a0<\/p><p><b>Desaparecimento Espont\u00e2neo de Malforma\u00e7\u00e3o Arteriovenosa Cerebral\u00a0<\/b><\/p><p>[ 1992 \u2013 1992 ] &#8211;\u00a0<span style=\"color: var( --e-global-color-text );\">Jaime Rocha, Jos\u00e9 R. Melo, Dora Sim\u00f5es, A.L. Calheiros, Le\u00e3o Ramos J. Almeida Pinto.\u00a0<\/span><span style=\"color: var( --e-global-color-text );\">Apresentado no I Congresso Nacional de Radiologia da Sociedade Portuguesa de Radiologia e Medicina Nuclear.\u00a0<\/span><span style=\"color: var( --e-global-color-text );\">Lisboa.<\/span><\/p><p>\u00a0<\/p><p><b>Tratamento Microcir\u00fargico em 10 Casos de Malforma\u00e7\u00f5es Arteriovenosas Encef\u00e1licas\u00a0<\/b><\/p><p>[ 11\/1991 \u2013 11\/1991 ] &#8211;\u00a0<span style=\"color: var( --e-global-color-text );\">Artur Vaz, M. Larangeira, R. Rangel, A.L. Calheiros, M. Resende &#8211;\u00a0<\/span><span style=\"color: var( --e-global-color-text );\">Apresentado na Reuni\u00e3o Conjunta das Sociedades Portuguesas de Neurocirurgia, Neurologia e Neurorradiologia,\u00a0<\/span><span style=\"color: var( --e-global-color-text );\">Coimbra.<\/span><\/p><p>\u00a0<\/p><p><b>Tratamento Microcir\u00fargico em 10 Casos de Tumores Intraventriculares Supratentoriais\u00a0<\/b><\/p><p>[ 11\/1991 \u2013 11\/1991 ] &#8211;\u00a0<span style=\"color: var( --e-global-color-text );\">M. Larangeira, Artur Vaz, R. Rangel, A.L. Calheiros, M. Resende &#8211;\u00a0<\/span><span style=\"color: var( --e-global-color-text );\">Reuni\u00e3o Conjunta das Sociedades Portuguesas de Neurocirurgia, Neurologia e Neurorradiologia, Coimbra.<\/span><\/p><p>\u00a0<\/p><div>\u00a0<\/div><div>\u00a0<\/div><\/div>\n\t\t\t\t<\/div>\n\t\t\t\t\t\t\t<div class=\"elementor-toggle-item\">\n\t\t\t\t\t<div id=\"elementor-tab-title-1665\" class=\"elementor-tab-title\" data-tab=\"5\" role=\"button\" aria-controls=\"elementor-tab-content-1665\" aria-expanded=\"false\">\n\t\t\t\t\t\t\t\t\t\t\t\t<span class=\"elementor-toggle-icon elementor-toggle-icon-left\" aria-hidden=\"true\">\n\t\t\t\t\t\t\t\t\t\t\t\t\t\t\t<span class=\"elementor-toggle-icon-closed\"><i class=\"fas fa-caret-right\"><\/i><\/span>\n\t\t\t\t\t\t\t\t<span class=\"elementor-toggle-icon-opened\"><i class=\"elementor-toggle-icon-opened fas fa-caret-up\"><\/i><\/span>\n\t\t\t\t\t\t\t\t\t\t\t\t\t<\/span>\n\t\t\t\t\t\t\t\t\t\t\t\t<a class=\"elementor-toggle-title\" tabindex=\"0\">PUBLICA\u00c7\u00d5ES<\/a>\n\t\t\t\t\t<\/div>\n\n\t\t\t\t\t<div id=\"elementor-tab-content-1665\" class=\"elementor-tab-content elementor-clearfix\" data-tab=\"5\" role=\"region\" aria-labelledby=\"elementor-tab-title-1665\"><p><b>H\u00e9rnias Discais Lombares <br><\/b>Alfredo Lu\u00eds Calheiros<br>Jornal Qualidadeonline, caderno Sa\u00fadeQualidade<\/p>\n<p><br><b>Nevralgias do Trig\u00e9mio <br><\/b>Alfredo Lu\u00eds Calheiros<br>Publicado no Jornal Qualidadeonline, caderno Sa\u00fadeQualidade<\/p>\n<p><br><b>A Tecnologia de Abla\u00e7\u00e3o Tumoral por Laser no Tratamento do Cancro e da Epilepsia e os seus Benef\u00edcio <br><\/b>[2021] <br>Jornal do MEDICO <br>Jornal o m\u00e9dico<\/p>\n<p><br><b>Servi\u00e7o de Neurocirurgia do CHUP na Vanguarda do Uso de Tecnologia de Inova\u00e7\u00e3o em Hospitais P\u00fablicos <br><\/b>[2021] <br>SAPO\/Sa\u00fade<br>Alfredo Calheiros, diretor do Servi\u00e7o de Neurocirurgia do Centro Hospitalar Universit\u00e1rio do Porto<\/p>\n<p><br><b>A Tecnologia de Abla\u00e7\u00e3o Tumoral por Laser no Tratamento do Cancro e da Epilepsia e os seus Benef\u00edcios <br><\/b>[2021] <br>Revista Saude e bem-estar<\/p>\n<p><br><\/p>\n<p><b>Dor, A Epidemia Silenciosa-Lombalgia <br><\/b>[2020] <br>Pais Positivo<\/p><p><br><\/p><\/div>\n\t\t\t\t<\/div>\n\t\t\t\t\t\t\t<div class=\"elementor-toggle-item\">\n\t\t\t\t\t<div id=\"elementor-tab-title-1666\" class=\"elementor-tab-title\" data-tab=\"6\" role=\"button\" aria-controls=\"elementor-tab-content-1666\" aria-expanded=\"false\">\n\t\t\t\t\t\t\t\t\t\t\t\t<span class=\"elementor-toggle-icon elementor-toggle-icon-left\" aria-hidden=\"true\">\n\t\t\t\t\t\t\t\t\t\t\t\t\t\t\t<span class=\"elementor-toggle-icon-closed\"><i class=\"fas fa-caret-right\"><\/i><\/span>\n\t\t\t\t\t\t\t\t<span class=\"elementor-toggle-icon-opened\"><i class=\"elementor-toggle-icon-opened fas fa-caret-up\"><\/i><\/span>\n\t\t\t\t\t\t\t\t\t\t\t\t\t<\/span>\n\t\t\t\t\t\t\t\t\t\t\t\t<a class=\"elementor-toggle-title\" tabindex=\"0\">PUBLICA\u00c7\u00d5ES - CO-AUTOR<\/a>\n\t\t\t\t\t<\/div>\n\n\t\t\t\t\t<div id=\"elementor-tab-content-1666\" class=\"elementor-tab-content elementor-clearfix\" data-tab=\"6\" role=\"region\" aria-labelledby=\"elementor-tab-title-1666\"><p><b>Impact of an Early Mobilization Protocol on the Reduction of Medical Complications After Surgery for Chronic Subdural Hematoma \u2013 Get Up Randomized Prospective Trial Preliminary Results <br><\/b>[ 2020 \u2013 2020 ] &#8211; NEUROSURGERY &#8211; S\u00e9rgio Sousa; Vasco S\u00e1 Pinto; Filipe V. da Silva; Tiago R. da Costa; Armindo P. Fernandes; Rui Rangel; Alfredo Calheiros Neurosurgery, Volume 67, Issue Supplement_1, December 2020, Published:16 November.&nbsp;<\/p>\n<p><br><b>A Case Report of Brain Malacoplakia and Glioma <br><\/b>Revista Neurology; Costa, T., Lopes, J., Pinto, C., Magalh\u00e3es, M., Taipa, R., Sam\u00f5es, R. e Calheiros, A. &#8211; Artigo em submiss\u00e3o na revista Neurology.<\/p>\n<p><br><b>Long Term Outcome of Functional Hemispherectomy for Refractory Epilepsy: Experience from a Single Center <br><\/b>[ 2021 \u2013 2021 ] <br>S\u00e9rgio Sousa,Vasco S\u00e1 Pinto Jo\u00e3o Chaves Ant\u00f3nio Martins da Silva, Jo\u00e3o Ramalheira, Jo\u00e3o Lopes Teresa Temudo, Jos\u00e9 Manuel Lopes Lima Alfredo Calheiros, Rui Rangel<br>NEUROCIRURGIA Revista da sociedade espanhola de neurocirurgia.<\/p>\n<p><br><b>Meningeomas dos Ventr\u00edculos Laterais <br><\/b>C\u00e9lia Pinheiro, A.L. Calheiros, V. Martins, E. Carvalho &#8211; &#8220;Neurocirurgia&#8221; da Sociedade Espanhola de Neurocirurgia.<\/p>\n<p><br><b>Brain Biopsy in Suspected Non-Neoplastic Disease. <br><\/b>Acta Neurochir &#8211; Noronha C, Figueiredo G, Pinheiro C, Carvalho E, Calheiros A, Pires MM, Taipa &#8211; Acta Neurochir 161(6):1139-1147<\/p>\n<p><br><b>Meningeal Haemangiopericytoma: Magnetic Resonance and Histological Correlation: Case Report <br><\/b>[ 2002 \u2013 2002 ] &#8211; Bastos Leite, Xavier J, Calheiros A.L., Martins V, Melo Pires, Carvalho E., Cruz. J. Neurradiol 2002, 29.<br><b><br><\/b><\/p>\n<p><b>Desaparecimento Espont\u00e2neo de Malforma\u00e7\u00e3o Arteriovenosa Cerebral <br><\/b>[ 04\/1993 \u2013 06\/1993 ] &#8211; Jaime Rocha, J Rocha Melo, Dora Sim\u00f5es, A.L. Calheiros ,Le\u00e3o Ramos, J. Almeida Pinto. Revista Acta Radiologia Portuguesa n\u00ba18 ,Abril-Junho 1993.<\/p>\n<p><br><\/p><\/div>\n\t\t\t\t<\/div>\n\t\t\t\t\t\t\t<div class=\"elementor-toggle-item\">\n\t\t\t\t\t<div id=\"elementor-tab-title-1667\" class=\"elementor-tab-title\" data-tab=\"7\" role=\"button\" aria-controls=\"elementor-tab-content-1667\" aria-expanded=\"false\">\n\t\t\t\t\t\t\t\t\t\t\t\t<span class=\"elementor-toggle-icon elementor-toggle-icon-left\" aria-hidden=\"true\">\n\t\t\t\t\t\t\t\t\t\t\t\t\t\t\t<span class=\"elementor-toggle-icon-closed\"><i class=\"fas fa-caret-right\"><\/i><\/span>\n\t\t\t\t\t\t\t\t<span class=\"elementor-toggle-icon-opened\"><i class=\"elementor-toggle-icon-opened fas fa-caret-up\"><\/i><\/span>\n\t\t\t\t\t\t\t\t\t\t\t\t\t<\/span>\n\t\t\t\t\t\t\t\t\t\t\t\t<a class=\"elementor-toggle-title\" tabindex=\"0\">JURIS<\/a>\n\t\t\t\t\t<\/div>\n\n\t\t\t\t\t<div id=\"elementor-tab-content-1667\" class=\"elementor-tab-content elementor-clearfix\" data-tab=\"7\" role=\"region\" aria-labelledby=\"elementor-tab-title-1667\"><p><b>Presidente do J\u00fari Avalia\u00e7\u00e3o Final do Internato Medico de Neurocirurgia da \u00c9poca Mar\u00e7o \/Abril de 2021 &#8211;\u00a0<\/b>[ 04\/2021 \u2013 04\/2021 ]<\/p><p>\u00a0<\/p><p><b>J\u00fari em 20 Concursos Nacionais e Internacionais de Aquisi\u00e7\u00e3o.<\/b><\/p><p><b><br \/>J\u00fari no Exame de Reconhecimento de Equival\u00eancia do Curso de Medicina em 2018 com a Tese:<br \/><\/b>\u201cTumores do Sistema Nervoso Central \u2013 Radiocirurgia em Gamma Knife\u201d &#8211; [ 2018 \u2013 2018 ]<\/p><p>\u00a0 <br \/><b>J\u00fari em Concurso de Final de Internato Medico de Neurocirurgia &#8211;\u00a0<\/b>[ 2006 \u2013 2006 ]<\/p><p>\u00a0<\/p><\/div>\n\t\t\t\t<\/div>\n\t\t\t\t\t\t\t<div class=\"elementor-toggle-item\">\n\t\t\t\t\t<div id=\"elementor-tab-title-1668\" class=\"elementor-tab-title\" data-tab=\"8\" role=\"button\" aria-controls=\"elementor-tab-content-1668\" aria-expanded=\"false\">\n\t\t\t\t\t\t\t\t\t\t\t\t<span class=\"elementor-toggle-icon elementor-toggle-icon-left\" aria-hidden=\"true\">\n\t\t\t\t\t\t\t\t\t\t\t\t\t\t\t<span class=\"elementor-toggle-icon-closed\"><i class=\"fas fa-caret-right\"><\/i><\/span>\n\t\t\t\t\t\t\t\t<span class=\"elementor-toggle-icon-opened\"><i class=\"elementor-toggle-icon-opened fas fa-caret-up\"><\/i><\/span>\n\t\t\t\t\t\t\t\t\t\t\t\t\t<\/span>\n\t\t\t\t\t\t\t\t\t\t\t\t<a class=\"elementor-toggle-title\" tabindex=\"0\">PROJETOS <\/a>\n\t\t\t\t\t<\/div>\n\n\t\t\t\t\t<div id=\"elementor-tab-content-1668\" class=\"elementor-tab-content elementor-clearfix\" data-tab=\"8\" role=\"region\" aria-labelledby=\"elementor-tab-title-1668\"><p><b>BI Award for Innovation in Healthcare 2020-2021 <br><\/b>Iniciativa da Boehringer Ingelheim com o apoio da Ordem dos M\u00e9dicos.<\/p><p><br><b>Laborat\u00f3rio Integrado Microcirurgia Experimental em Neurocirurgia<br><\/b>[ 06\/2021 ]<\/p><p>&nbsp; <br><b>Intra-Operative Radiotherapy for Recurring Glioblastoma [recGLIORT] <br><\/b>[ 2020 ]<\/p><p>&nbsp; <br><b>Impact of an Early Mobilization Protocol on the Reduction of Medical Complications After Surgery for Chronic Subdural Hematoma \u2013 Get Up Randomized Prospective Trial Preliminary Results <br><\/b>[ 02\/01\/2019 \u2013 08\/2021 ]<\/p><p>&nbsp; <br><b>Bnucleus Accumbens Deep Brain Stimulation for Morbid Obesity an Open-Label Feasibility Study&nbsp;Project <\/b><br>[ 2020 \u2013 2023 ]<\/p><p><br><\/p><\/div>\n\t\t\t\t<\/div>\n\t\t\t\t\t\t\t<div class=\"elementor-toggle-item\">\n\t\t\t\t\t<div id=\"elementor-tab-title-1669\" class=\"elementor-tab-title\" data-tab=\"9\" role=\"button\" aria-controls=\"elementor-tab-content-1669\" aria-expanded=\"false\">\n\t\t\t\t\t\t\t\t\t\t\t\t<span class=\"elementor-toggle-icon elementor-toggle-icon-left\" aria-hidden=\"true\">\n\t\t\t\t\t\t\t\t\t\t\t\t\t\t\t<span class=\"elementor-toggle-icon-closed\"><i class=\"fas fa-caret-right\"><\/i><\/span>\n\t\t\t\t\t\t\t\t<span class=\"elementor-toggle-icon-opened\"><i class=\"elementor-toggle-icon-opened fas fa-caret-up\"><\/i><\/span>\n\t\t\t\t\t\t\t\t\t\t\t\t\t<\/span>\n\t\t\t\t\t\t\t\t\t\t\t\t<a class=\"elementor-toggle-title\" tabindex=\"0\">PREMIOS E BOLSAS<\/a>\n\t\t\t\t\t<\/div>\n\n\t\t\t\t\t<div id=\"elementor-tab-content-1669\" class=\"elementor-tab-content elementor-clearfix\" data-tab=\"9\" role=\"region\" aria-labelledby=\"elementor-tab-title-1669\"><p><b>BI Award for Innovation in Healthcare 2020-2021 &#8211;&nbsp;<\/b>1\u00ba lugar<\/p>\n<p><br><b>Bolsa do Departamento Educa\u00e7\u00e3o Forma\u00e7\u00e3o e Investiga\u00e7\u00e3o do CHUPorto &#8211;&nbsp;<\/b>Frequ\u00eancia do Curso EANS<\/p>\n<p><br><\/p><\/div>\n\t\t\t\t<\/div>\n\t\t\t\t\t\t\t<div class=\"elementor-toggle-item\">\n\t\t\t\t\t<div id=\"elementor-tab-title-16610\" class=\"elementor-tab-title\" data-tab=\"10\" role=\"button\" aria-controls=\"elementor-tab-content-16610\" aria-expanded=\"false\">\n\t\t\t\t\t\t\t\t\t\t\t\t<span class=\"elementor-toggle-icon elementor-toggle-icon-left\" aria-hidden=\"true\">\n\t\t\t\t\t\t\t\t\t\t\t\t\t\t\t<span class=\"elementor-toggle-icon-closed\"><i class=\"fas fa-caret-right\"><\/i><\/span>\n\t\t\t\t\t\t\t\t<span class=\"elementor-toggle-icon-opened\"><i class=\"elementor-toggle-icon-opened fas fa-caret-up\"><\/i><\/span>\n\t\t\t\t\t\t\t\t\t\t\t\t\t<\/span>\n\t\t\t\t\t\t\t\t\t\t\t\t<a class=\"elementor-toggle-title\" tabindex=\"0\">SOCIEDADES<\/a>\n\t\t\t\t\t<\/div>\n\n\t\t\t\t\t<div id=\"elementor-tab-content-16610\" class=\"elementor-tab-content elementor-clearfix\" data-tab=\"10\" role=\"region\" aria-labelledby=\"elementor-tab-title-16610\"><p><b>Ordem dos M\u00e9dicos\u00a0<\/b>[ 1987 \u2013 Atual ]<\/p><p>\u00a0 <br \/><b>Sociedade Portuguesa de Neurocirurgia<\/b><\/p><p><b><br \/>Sociedade Portuguesa de Patologia da Coluna Vertebral<\/b><\/p><p><b><br \/>Alumni da AESE Business School<\/b><\/p><p><b><br \/>Ilustre Colegio Oficial de M\u00e9dicos de Pontevedra\u00a0<\/b>[ 2000 ]<\/p><p>\u00a0<\/p><\/div>\n\t\t\t\t<\/div>\n\t\t\t\t\t\t\t<div class=\"elementor-toggle-item\">\n\t\t\t\t\t<div id=\"elementor-tab-title-16611\" class=\"elementor-tab-title\" data-tab=\"11\" role=\"button\" aria-controls=\"elementor-tab-content-16611\" aria-expanded=\"false\">\n\t\t\t\t\t\t\t\t\t\t\t\t<span class=\"elementor-toggle-icon elementor-toggle-icon-left\" aria-hidden=\"true\">\n\t\t\t\t\t\t\t\t\t\t\t\t\t\t\t<span class=\"elementor-toggle-icon-closed\"><i class=\"fas fa-caret-right\"><\/i><\/span>\n\t\t\t\t\t\t\t\t<span class=\"elementor-toggle-icon-opened\"><i class=\"elementor-toggle-icon-opened fas fa-caret-up\"><\/i><\/span>\n\t\t\t\t\t\t\t\t\t\t\t\t\t<\/span>\n\t\t\t\t\t\t\t\t\t\t\t\t<a class=\"elementor-toggle-title\" tabindex=\"0\">COMPET\u00caNCIAS DE ORGANIZA\u00c7\u00c3O<\/a>\n\t\t\t\t\t<\/div>\n\n\t\t\t\t\t<div id=\"elementor-tab-content-16611\" class=\"elementor-tab-content elementor-clearfix\" data-tab=\"11\" role=\"region\" aria-labelledby=\"elementor-tab-title-16611\"><p><b>I Jornadas de Neurocirurgia e Neurologia da Ordem da Trindade para Medicina Geral e Familiar <br><\/b>Membro da organiza\u00e7\u00e3o<\/p><p><br><b>XIII Reuni\u00e3o da Sociedade Portuguesa de Neurocirurgia <br><\/b>Membro da organiza\u00e7\u00e3o,2001<\/p><p><br><b>Neurotrauma 2000 <br><\/b>Membro da Organiza\u00e7\u00e3o<\/p><p><br><b>Preside Associa\u00e7\u00e3o dos Amigos Do Servi\u00e7o de Neurocirurgia do CHUPorto <br><\/b>Criou a associa\u00e7\u00e3o em 2000<\/p><p><br><b>Concurso de Pintura para Jovens Pintores <br><\/b>Rotaract Club do Porto<br>1987<\/p><p><br><b>Comiss\u00e3o de Finalistas da Faculdade de Medicina Porto <br><\/b>Fez parte da Comiss\u00e3o de Finalistas da Faculdade de Medicina Porto 1981-1987<\/p><p><br><\/p><\/div>\n\t\t\t\t<\/div>\n\t\t\t\t\t\t\t<div class=\"elementor-toggle-item\">\n\t\t\t\t\t<div id=\"elementor-tab-title-16612\" class=\"elementor-tab-title\" data-tab=\"12\" role=\"button\" aria-controls=\"elementor-tab-content-16612\" aria-expanded=\"false\">\n\t\t\t\t\t\t\t\t\t\t\t\t<span class=\"elementor-toggle-icon elementor-toggle-icon-left\" aria-hidden=\"true\">\n\t\t\t\t\t\t\t\t\t\t\t\t\t\t\t<span class=\"elementor-toggle-icon-closed\"><i class=\"fas fa-caret-right\"><\/i><\/span>\n\t\t\t\t\t\t\t\t<span class=\"elementor-toggle-icon-opened\"><i class=\"elementor-toggle-icon-opened fas fa-caret-up\"><\/i><\/span>\n\t\t\t\t\t\t\t\t\t\t\t\t\t<\/span>\n\t\t\t\t\t\t\t\t\t\t\t\t<a class=\"elementor-toggle-title\" tabindex=\"0\">CONGRESSOS E REUNI\u00d5ES<\/a>\n\t\t\t\t\t<\/div>\n\n\t\t\t\t\t<div id=\"elementor-tab-content-16612\" class=\"elementor-tab-content elementor-clearfix\" data-tab=\"12\" role=\"region\" aria-labelledby=\"elementor-tab-title-16612\"><p><b>Frequ\u00eancia de m\u00faltiplos Congressos e reuni\u00f5es Nacionais e estrangeiras.&nbsp;<\/b>Mais de 40 Nacionais e 30 Estrangeiros.<\/p>\n<p><br><\/p><\/div>\n\t\t\t\t<\/div>\n\t\t\t\t\t\t\t\t<\/div>\n\t\t\t\t<\/div>\n\t\t\t\t<\/div>\n\t\t\t\t\t<\/div>\n\t\t<\/div>\n\t\t\t\t\t\t\t<\/div>\n\t\t<\/section>\n\t\t\t\t<section class=\"elementor-section elementor-top-section elementor-element elementor-element-18046ea elementor-section-stretched elementor-section-boxed elementor-section-height-default elementor-section-height-default\" data-id=\"18046ea\" data-element_type=\"section\" data-settings=\"{&quot;background_background&quot;:&quot;classic&quot;,&quot;stretch_section&quot;:&quot;section-stretched&quot;}\">\n\t\t\t\t\t\t<div class=\"elementor-container elementor-column-gap-default\">\n\t\t\t\t\t<div class=\"elementor-column elementor-col-25 elementor-top-column elementor-element elementor-element-a480628\" data-id=\"a480628\" data-element_type=\"column\">\n\t\t\t<div class=\"elementor-widget-wrap elementor-element-populated\">\n\t\t\t\t\t\t\t\t<div class=\"elementor-element elementor-element-a2390a3 elementor-widget elementor-widget-image\" data-id=\"a2390a3\" data-element_type=\"widget\" data-widget_type=\"image.default\">\n\t\t\t\t<div class=\"elementor-widget-container\">\n\t\t\t\t\t\t\t\t\t\t\t\t\t\t\t<img decoding=\"async\" width=\"1920\" height=\"393\" src=\"https:\/\/www.centroneurocirurgia.com\/wp-content\/uploads\/2023\/03\/LOGO-Dr.-Alfredo-1.svg\" class=\"attachment-full size-full wp-image-831\" alt=\"\" loading=\"lazy\" style=\"width:100%;height:20.47%;max-width:1920px\" \/>\t\t\t\t\t\t\t\t\t\t\t\t\t\t\t<\/div>\n\t\t\t\t<\/div>\n\t\t\t\t<div class=\"elementor-element elementor-element-62b5a0c elementor-widget elementor-widget-text-editor\" data-id=\"62b5a0c\" data-element_type=\"widget\" data-widget_type=\"text-editor.default\">\n\t\t\t\t<div class=\"elementor-widget-container\">\n\t\t\t\t\t\t\t<p><span style=\"color: #ffffff;\">A.L.CALHEIROS CENTRO DA COLUNA<\/span><\/p><p><span style=\"color: #ffffff;\">E RADIOCIRURGIA , LDA |\u00a0<\/span><span style=\"color: #ffffff;\">507786181<\/span><\/p>\t\t\t\t\t\t<\/div>\n\t\t\t\t<\/div>\n\t\t\t\t<div class=\"elementor-element elementor-element-d381869 elementor-widget__width-initial elementor-widget elementor-widget-image\" data-id=\"d381869\" data-element_type=\"widget\" data-widget_type=\"image.default\">\n\t\t\t\t<div class=\"elementor-widget-container\">\n\t\t\t\t\t\t\t\t\t\t\t\t\t\t\t\t<a href=\"https:\/\/www.livroreclamacoes.pt\/Inicio\/\">\n\t\t\t\t\t\t\t<img decoding=\"async\" width=\"500\" height=\"207\" src=\"https:\/\/www.centroneurocirurgia.com\/wp-content\/uploads\/2023\/05\/livro-de-reclamacoes.jpg\" class=\"attachment-full size-full wp-image-2978\" alt=\"\" loading=\"lazy\" style=\"width:100%;height:41.4%;max-width:500px\" \/>\t\t\t\t\t\t\t\t<\/a>\n\t\t\t\t\t\t\t\t\t\t\t\t\t\t\t<\/div>\n\t\t\t\t<\/div>\n\t\t\t\t\t<\/div>\n\t\t<\/div>\n\t\t\t\t<div class=\"elementor-column elementor-col-25 elementor-top-column elementor-element elementor-element-51f2c72\" data-id=\"51f2c72\" data-element_type=\"column\">\n\t\t\t<div class=\"elementor-widget-wrap elementor-element-populated\">\n\t\t\t\t\t\t\t\t<div class=\"elementor-element elementor-element-8dbbb77 elementor-widget elementor-widget-text-editor\" data-id=\"8dbbb77\" data-element_type=\"widget\" data-widget_type=\"text-editor.default\">\n\t\t\t\t<div class=\"elementor-widget-container\">\n\t\t\t\t\t\t\t<ul><li><a href=\"https:\/\/www.centroneurocirurgia.com\/sobre-cno3\/\"><span style=\"color: #ffffff;\">Sobre n\u00f3s<\/span><\/a><\/li><li><a href=\"https:\/\/www.centroneurocirurgia.com\/especialidades\/\"><span style=\"color: #ffffff;\">Especialidades<\/span><\/a><\/li><li><a href=\"https:\/\/www.centroneurocirurgia.com\/patologias\/\"><span style=\"color: #ffffff;\">Patologias<\/span><\/a><\/li><li><a href=\"https:\/\/www.centroneurocirurgia.com\/cirurgias\/\"><span style=\"color: #ffffff;\">Cirurgias<\/span><\/a><\/li><\/ul>\t\t\t\t\t\t<\/div>\n\t\t\t\t<\/div>\n\t\t\t\t\t<\/div>\n\t\t<\/div>\n\t\t\t\t<div class=\"elementor-column elementor-col-25 elementor-top-column elementor-element elementor-element-cfa9fa2\" data-id=\"cfa9fa2\" data-element_type=\"column\">\n\t\t\t<div class=\"elementor-widget-wrap elementor-element-populated\">\n\t\t\t\t\t\t\t\t<div class=\"elementor-element elementor-element-6363e64 elementor-widget elementor-widget-text-editor\" data-id=\"6363e64\" data-element_type=\"widget\" data-widget_type=\"text-editor.default\">\n\t\t\t\t<div class=\"elementor-widget-container\">\n\t\t\t\t\t\t\t<ul><li><a href=\"https:\/\/www.centroneurocirurgia.com\/imprensa\/\"><span style=\"color: #ffffff;\">Imprensa<\/span><\/a><\/li><li><a href=\"https:\/\/www.centroneurocirurgia.com\/contactos\/\"><span style=\"color: #ffffff;\">Contactos<\/span><\/a><\/li><li><a href=\"https:\/\/www.centroneurocirurgia.com\/politica-de-cookies\/\"><span style=\"color: #ffffff;\">Pol\u00edtica de Cookies<\/span><\/a><\/li><li><a href=\"https:\/\/www.centroneurocirurgia.com\/politica-de-privacidade\/\"><span style=\"color: #ffffff;\">Pol\u00edtica de\u00a0<\/span><span style=\"color: #ffffff;\">Privacidade<\/span><\/a><\/li><\/ul>\t\t\t\t\t\t<\/div>\n\t\t\t\t<\/div>\n\t\t\t\t\t<\/div>\n\t\t<\/div>\n\t\t\t\t<div class=\"elementor-column elementor-col-25 elementor-top-column elementor-element elementor-element-f1ff9eb\" data-id=\"f1ff9eb\" data-element_type=\"column\">\n\t\t\t<div class=\"elementor-widget-wrap elementor-element-populated\">\n\t\t\t\t\t\t\t\t<div class=\"elementor-element elementor-element-a1e77e6 elementor-widget elementor-widget-text-editor\" data-id=\"a1e77e6\" data-element_type=\"widget\" data-widget_type=\"text-editor.default\">\n\t\t\t\t<div class=\"elementor-widget-container\">\n\t\t\t\t\t\t\t<p><span style=\"color: #ffffff;\">Envie-nos as suas d\u00favidas ou<\/span><\/p><p><span style=\"color: #ffffff;\">agende a sua consulta aqui:<\/span><\/p>\t\t\t\t\t\t<\/div>\n\t\t\t\t<\/div>\n\t\t\t\t<div class=\"elementor-element elementor-element-7d73825 elementor-align-center elementor-tablet-align-center elementor-mobile-align-center elementor-widget elementor-widget-button\" data-id=\"7d73825\" data-element_type=\"widget\" data-widget_type=\"button.default\">\n\t\t\t\t<div class=\"elementor-widget-container\">\n\t\t\t\t\t<div class=\"elementor-button-wrapper\">\n\t\t\t<a class=\"elementor-button elementor-button-link elementor-size-lg\" href=\"https:\/\/www.centroneurocirurgia.com\/contactos\/\">\n\t\t\t\t\t\t<span class=\"elementor-button-content-wrapper\">\n\t\t\t\t\t\t<span class=\"elementor-button-text\">AGENDAR CONSULTA<\/span>\n\t\t<\/span>\n\t\t\t\t\t<\/a>\n\t\t<\/div>\n\t\t\t\t<\/div>\n\t\t\t\t<\/div>\n\t\t\t\t\t<\/div>\n\t\t<\/div>\n\t\t\t\t\t\t\t<\/div>\n\t\t<\/section>\n\t\t\t\t<section class=\"elementor-section elementor-top-section elementor-element elementor-element-2e935e3 elementor-section-stretched elementor-section-boxed elementor-section-height-default elementor-section-height-default\" data-id=\"2e935e3\" data-element_type=\"section\" data-settings=\"{&quot;background_background&quot;:&quot;classic&quot;,&quot;stretch_section&quot;:&quot;section-stretched&quot;}\">\n\t\t\t\t\t\t<div class=\"elementor-container elementor-column-gap-default\">\n\t\t\t\t\t<div class=\"elementor-column elementor-col-100 elementor-top-column elementor-element elementor-element-94ce3fe\" data-id=\"94ce3fe\" data-element_type=\"column\">\n\t\t\t<div class=\"elementor-widget-wrap elementor-element-populated\">\n\t\t\t\t\t\t\t\t<div class=\"elementor-element elementor-element-1d42d94 elementor-widget elementor-widget-text-editor\" data-id=\"1d42d94\" data-element_type=\"widget\" data-widget_type=\"text-editor.default\">\n\t\t\t\t<div class=\"elementor-widget-container\">\n\t\t\t\t\t\t\t<p><span style=\"color: #ffffff;\">CENTRO DE NEUROCIRURGIA E OZONOTERAPIA | DR. ALFREDO CALHEIROS | TODOS OS DIREITOS RESERVADOS\u00a0<\/span><\/p>\t\t\t\t\t\t<\/div>\n\t\t\t\t<\/div>\n\t\t\t\t\t<\/div>\n\t\t<\/div>\n\t\t\t\t\t\t\t<\/div>\n\t\t<\/section>\n\t\t\t\t\t\t\t<\/div>\n\t\t","protected":false},"excerpt":{"rendered":"<p>AGENDAR CONSULTA CURRICULUM VITAE DR. ALFREDO CALHEIROS M\u00e9dico Especialista em Neurocirurgia O Dr. Alfredo Calheiro \u00e9 um Neurocirurgi\u00e3o pioneiro em t\u00e9cnicas inovadoras como Radiocirurgia e Ozonoterapia. Atividade Atual Diretor do Servi\u00e7o de Neurocirurgia no Centro Hospitalar Universit\u00e1rio de St. Ant\u00f3nio, e da Unidade Vertebro-Medular (UVM) do Centro Hospitalar Universit\u00e1rio do Porto. \u00a0 Coordenador da especialidade&hellip; <a class=\"more-link\" href=\"https:\/\/www.centroneurocirurgia.com\/en\/dr-alfredo-calheiros\/\">Continue reading <span class=\"screen-reader-text\">Dr. Alfredo Calheiros<\/span><\/a><\/p>\n","protected":false},"author":3,"featured_media":0,"parent":0,"menu_order":20,"comment_status":"closed","ping_status":"closed","template":"elementor_canvas","meta":[],"_links":{"self":[{"href":"https:\/\/www.centroneurocirurgia.com\/en\/wp-json\/wp\/v2\/pages\/1888"}],"collection":[{"href":"https:\/\/www.centroneurocirurgia.com\/en\/wp-json\/wp\/v2\/pages"}],"about":[{"href":"https:\/\/www.centroneurocirurgia.com\/en\/wp-json\/wp\/v2\/types\/page"}],"author":[{"embeddable":true,"href":"https:\/\/www.centroneurocirurgia.com\/en\/wp-json\/wp\/v2\/users\/3"}],"replies":[{"embeddable":true,"href":"https:\/\/www.centroneurocirurgia.com\/en\/wp-json\/wp\/v2\/comments?post=1888"}],"version-history":[{"count":61,"href":"https:\/\/www.centroneurocirurgia.com\/en\/wp-json\/wp\/v2\/pages\/1888\/revisions"}],"predecessor-version":[{"id":3014,"href":"https:\/\/www.centroneurocirurgia.com\/en\/wp-json\/wp\/v2\/pages\/1888\/revisions\/3014"}],"wp:attachment":[{"href":"https:\/\/www.centroneurocirurgia.com\/en\/wp-json\/wp\/v2\/media?parent=1888"}],"curies":[{"name":"wp","href":"https:\/\/api.w.org\/{rel}","templated":true}]}}